{"id":5026,"date":"2019-04-17T16:28:05","date_gmt":"2019-04-17T14:28:05","guid":{"rendered":"https:\/\/www.prospectivecooperation.org\/formation-continue\/"},"modified":"2023-05-24T10:03:20","modified_gmt":"2023-05-24T08:03:20","slug":"formacao-continua","status":"publish","type":"page","link":"https:\/\/www.prospectivecooperation.org\/pt-br\/formacao-continua\/","title":{"rendered":"Forma\u00e7\u00e3o cont\u00ednua"},"content":{"rendered":"<div class=\"wpb-content-wrapper\"><p>[vc_row][vc_column]<div class=\"row multi-columns-row colored-icons one-column-items\"><div class=\"feature-items col-xs-12  col-md-12\"><div class=\"kleo-block feature-item list-el-animated default-icons-size\"><span class=\"feature-icon el-appear icon-bookmark\"><\/span><h3 class=\"feature-title\"><\/h3><div class=\"feature-text\"><\/p>\n<h5><strong>Forma\u00e7\u00e3o cont\u00ednua dos profissionais da sa\u00fade e do social<\/strong><\/h5>\n<ul>\n<li>Forma\u00e7\u00e3o da equipa encarregado de um publico de \u201cJovens migrantes\u201d (Centro de Recep\u00e7\u00e3o para Requerentes de Asilo, Casa da Crian\u00e7a aberta a Menores Estrangeiros Isolados, Servi\u00e7o de acompanhamento ao emprego para refugiados estatu\u00e1rios). \u201cImpactos dos grandes desafios geopol\u00edticos sobre os p\u00fablicos recebidos\u201d, \u201c\u00c0 historia e aos desafios atuais das migra\u00e7\u00f5es no mundo\u201d, \u00e0s \u201cEvolu\u00e7\u00f5es e intera\u00e7\u00f5es do trabalho social e da educa\u00e7\u00e3o popular em Franca\u201d, aos \u201cDesafios de sa\u00fade e de migra\u00e7\u00f5es\u201d, e \u201c\u00c0 tomada a cargo do sofrimento mental nas institui\u00e7\u00f5es\u201d, \u201cA no\u00e7\u00e3o de \u2018trabalho\u2019, entre heran\u00e7as socioculturais e transforma\u00e7\u00f5es contempor\u00e2neas\u201d e a \u201cGeopol\u00edtica dos territ\u00f3rios de migra\u00e7\u00e3o\u201d. <strong>Associa\u00e7\u00e3o de Ajuda aos Jovens Trabalhadores<\/strong> (AAJT).<\/li>\n<li>Forma\u00e7\u00e3o da equipa de enquadramento e dos prestadores de cuidados nos hospitais e centros de sa\u00fade de Soum para a gest\u00e3o do ciclo de projetos, elabora\u00e7\u00e3o e anima\u00e7\u00e3o do m\u00f3dulo de forma\u00e7\u00e3o, programa de melhoria dos cuidados maternos e infantis para a popula\u00e7\u00e3o de <em>Arkhanga\u00ef<\/em> (Mong\u00f3lia), <strong>Minist\u00e9rio da Sa\u00fade da Mong\u00f3lia<\/strong>, Sa\u00fade Sul, Tstetserleg, Mong\u00f3lia.<\/li>\n<\/ul>\n<p><\/div><\/div><\/div><\/div>[vc_gallery type=&#8221;grid&#8221; images=&#8221;3259,3275&#8243; onclick=&#8221;custom_link&#8221; custom_links_target=&#8221;_blank&#8221; gap=&#8221;small&#8221; custom_links=&#8221;#E-8_aHR0cCUzQSUyRiUyRnd3dy5hYWp0LmZyJTJGQUFKVCUyRmluZGV4LnBocCUyQ2h0dHAlM0ElMkYlMkZ3d3cuc2FudGVzdWQub3JnJTJG&#8221;][\/vc_column][\/vc_row][vc_row][vc_column]<div class=\"row multi-columns-row colored-icons one-column-items\"><div class=\"feature-items col-xs-12  col-md-12\"><div class=\"kleo-block feature-item list-el-animated default-icons-size\"><span class=\"feature-icon el-appear icon-bookmark\"><\/span><h3 class=\"feature-title\"><\/h3><div class=\"feature-text\"><\/p>\n<h5><strong>Forma\u00e7\u00e3o cont\u00ednua dos atores da solidariedade internacional<\/strong>:<\/h5>\n<ul>\n<li>Forma\u00e7\u00e3o das equipas de <strong>InterAide<\/strong> (InterAjuda) para a integra\u00e7\u00e3o de quest\u00f5es de g\u00eanero em programas de desenvolvimento na Fran\u00e7a e no Malawi;<\/li>\n<li><strong>Territoires Solidaires<\/strong> (rede multi-atores da solidariedade internacional na regi\u00e3o da PACA- <em>Provence-Alpes-C\u00f4te d\u2019Azur<\/em>):\n<ul>\n<li>Forma\u00e7\u00e3o para os desafios do dom da solidariedade internacional;<\/li>\n<li>Forma\u00e7\u00e3o intercultural na concep\u00e7\u00e3o e execu\u00e7\u00e3o de projetos de desenvolvimento;<\/li>\n<li>Forma\u00e7\u00e3o na montagem de projetos e na procura de financiamento;<\/li>\n<li>Forma\u00e7\u00e3o sobre o acompanhamento e a avalia\u00e7\u00e3o de projetos de solidariedade internacional;<\/li>\n<\/ul>\n<\/li>\n<li>Apoio metodol\u00f3gico \u00e0 cria\u00e7\u00e3o de um modulo de forma\u00e7\u00e3o e \u00e0 sua realiza\u00e7\u00e3o junto da rede das delega\u00e7\u00f5es departamentais da <strong>Terre des Hommes France<\/strong> (TDHF) sobre a abordagem pelos direitos no \u00e2mbito de projetos de desenvolvimento em Lyon, Fran\u00e7a;<\/li>\n<li>Forma\u00e7\u00e3o no Ciclo de Projetos para Referencias M\u00e9dicas da <strong>Humaniterra International<\/strong>, Marselha, Fran\u00e7a;<\/li>\n<\/ul>\n<p><\/div><\/div><\/div><\/div>[vc_gallery type=&#8221;grid&#8221; images=&#8221;4255,2737,3297,3293&#8243; onclick=&#8221;custom_link&#8221; custom_links_target=&#8221;_blank&#8221; gap=&#8221;small&#8221; custom_links=&#8221;#E-8_aHR0cCUzQSUyRiUyRmludGVyYWlkZS5vcmclMkYlMkNodHRwJTNBJTJGJTJGd3d3LnRlcnJpdG9pcmVzLXNvbGlkYWlyZXMuY29tJTJGJTJDaHR0cHMlM0ElMkYlMkZ3d3cuaHVtYW5pLXRlcnJhLm9yZyUyRmZyJTJGJTJDaHR0cHMlM0ElMkYlMkZ0ZXJyZWRlc2hvbW1lcy5mciUyRg==&#8221;][\/vc_column][\/vc_row][vc_row][vc_column]<div class=\"row multi-columns-row colored-icons one-column-items\"><div class=\"feature-items col-xs-12  col-md-12\"><div class=\"kleo-block feature-item list-el-animated default-icons-size\"><span class=\"feature-icon el-appear icon-bookmark\"><\/span><h3 class=\"feature-title\"><\/h3><div class=\"feature-text\"><\/p>\n<h5><strong>Forma\u00e7\u00e3o de acad\u00e9micos e pesquisadores<\/strong>:<\/h5>\n<ul>\n<li><em>Acompanhamento das equipas das IES nos projetos de elabora\u00e7\u00e3o e implementa\u00e7\u00e3o de cursos de p\u00f3s-gradua\u00e7\u00e3o subvencionados pelo programa UNI.AO, <\/em>Angola, Expertise France, UE, Minist\u00e9rio do Ensino Superior e Investiga\u00e7\u00e3o de Angola<\/li>\n<li>Forma\u00e7\u00e3o de pesquisadores internacionais da rede PARRAF (Programa de Apoio \u00e0 Investiga\u00e7\u00e3o da Rede na \u00c1frica) ao \u201cmarketing da investiga\u00e7\u00e3o\u201d d \u00e0 \u201cValoriza\u00e7\u00e3o da peritagem\u201d, <strong>IRD<\/strong>, Bondy, Fran\u00e7a.<\/li>\n<li>Forma\u00e7\u00e3o e sensibiliza\u00e7\u00e3o dos empres\u00e1rios e universit\u00e1rios do Mali sobre a reforma de Diploma em Doutorado de Pesquisa, dire\u00e7\u00e3o-geral de Estudos <strong>CECOFORMA\/ Uni\u00e3o Econ\u00f4mica e Monet\u00e1ria Ocidental Africana<\/strong>, Bamako, Mali.<\/li>\n<\/ul>\n<p><\/div><\/div><\/div><\/div>[vc_gallery type=&#8221;grid&#8221; images=&#8221;2735,3270&#8243; onclick=&#8221;custom_link&#8221; custom_links_target=&#8221;_blank&#8221; gap=&#8221;small&#8221; custom_links=&#8221;#E-8_aHR0cHMlM0ElMkYlMkZ3d3cuaXJkLmZyJTJGbm9kZSUyRjglMkNodHRwJTNBJTJGJTJGd3d3LnVlbW9hLmludCUyRg==&#8221;][\/vc_column][\/vc_row][vc_row][vc_column]<div class=\"row multi-columns-row colored-icons one-column-items\"><div class=\"feature-items col-xs-12  col-md-12\"><div class=\"kleo-block feature-item list-el-animated default-icons-size\"><span class=\"feature-icon el-appear icon-bookmark\"><\/span><h3 class=\"feature-title\"><\/h3><div class=\"feature-text\"><\/p>\n<h5><strong>Forma\u00e7\u00e3o cont\u00ednua de outros organismos p\u00fablicos<\/strong>:<\/h5>\n<ul>\n<li>Forma\u00e7\u00e3o em <strong>sa\u00fade publica<\/strong> no <strong>Burkina Faso<\/strong> para o \u201cRefor\u00e7o das capacidades dos agentes do Minist\u00e9rio da Sa\u00fade no tratamento e na an\u00e1lise dos dados com os programas inform\u00e1ticos E e Satscan (e-sa\u00fade).<\/li>\n<li>Miss\u00e3o de refor\u00e7o das capacidades de <strong>20 operadores<\/strong> culturais e <strong>associa\u00e7\u00f5es criativas<\/strong> em <strong>Marrocos <\/strong>e na <strong>Tun\u00edsia<\/strong> no \u00e2mbito do Programa \u201cDesenvolvimento das compet\u00eancias criativas dos jovens\u201d apoiada pela <strong>Funda\u00e7\u00e3o DROSOS<\/strong>.<\/li>\n<\/ul>\n<p><\/div><\/div><\/div><\/div>[vc_gallery type=&#8221;grid&#8221; images=&#8221;3457,4366&#8243; onclick=&#8221;custom_link&#8221; custom_links_target=&#8221;_blank&#8221; custom_links=&#8221;#E-8_aHR0cHMlM0ElMkYlMkZ3d3cuc2FudGUuZ292LmJmJTJGYWNjdWVpbCUyQ2h0dHBzJTNBJTJGJTJGZHJvc29zLm9yZyUyRmZyJTJG&#8221;][\/vc_column][\/vc_row]<\/p>\n<\/div>","protected":false},"excerpt":{"rendered":"<p>[vc_row][vc_column][vc_gallery type=&#8221;grid&#8221; images=&#8221;3259,3275&#8243; onclick=&#8221;custom_link&#8221; custom_links_target=&#8221;_blank&#8221; gap=&#8221;small&#8221; custom_links=&#8221;#E-8_aHR0cCUzQSUyRiUyRnd3dy5hYWp0LmZyJTJGQUFKVCUyRmluZGV4LnBocCUyQ2h0dHAlM0ElMkYlMkZ3d3cuc2FudGVzdWQub3JnJTJG&#8221;][\/vc_column][\/vc_row][vc_row][vc_column][vc_gallery type=&#8221;grid&#8221; images=&#8221;4255,2737,3297,3293&#8243; onclick=&#8221;custom_link&#8221; custom_links_target=&#8221;_blank&#8221; gap=&#8221;small&#8221; custom_links=&#8221;#E-8_aHR0cCUzQSUyRiUyRmludGVyYWlkZS5vcmclMkYlMkNodHRwJTNBJTJGJTJGd3d3LnRlcnJpdG9pcmVzLXNvbGlkYWlyZXMuY29tJTJGJTJDaHR0cHMlM0ElMkYlMkZ3d3cuaHVtYW5pLXRlcnJhLm9yZyUyRmZyJTJGJTJDaHR0cHMlM0ElMkYlMkZ0ZXJyZWRlc2hvbW1lcy5mciUyRg==&#8221;][\/vc_column][\/vc_row][vc_row][vc_column][vc_gallery type=&#8221;grid&#8221; images=&#8221;2735,3270&#8243; onclick=&#8221;custom_link&#8221; custom_links_target=&#8221;_blank&#8221; gap=&#8221;small&#8221; custom_links=&#8221;#E-8_aHR0cHMlM0ElMkYlMkZ3d3cuaXJkLmZyJTJGbm9kZSUyRjglMkNodHRwJTNBJTJGJTJGd3d3LnVlbW9hLmludCUyRg==&#8221;][\/vc_column][\/vc_row][vc_row][vc_column][vc_gallery type=&#8221;grid&#8221; images=&#8221;3457,4366&#8243; onclick=&#8221;custom_link&#8221; custom_links_target=&#8221;_blank&#8221; custom_links=&#8221;#E-8_aHR0cHMlM0ElMkYlMkZ3d3cuc2FudGUuZ292LmJmJTJGYWNjdWVpbCUyQ2h0dHBzJTNBJTJGJTJGZHJvc29zLm9yZyUyRmZyJTJG&#8221;][\/vc_column][\/vc_row]<\/p>\n","protected":false},"author":5,"featured_media":0,"parent":0,"menu_order":0,"comment_status":"closed","ping_status":"closed","template":"","meta":{"footnotes":""},"class_list":["post-5026","page","type-page","status-publish","hentry"],"_links":{"self":[{"href":"https:\/\/www.prospectivecooperation.org\/pt-br\/wp-json\/wp\/v2\/pages\/5026","targetHints":{"allow":["GET"]}}],"collection":[{"href":"https:\/\/www.prospectivecooperation.org\/pt-br\/wp-json\/wp\/v2\/pages"}],"about":[{"href":"https:\/\/www.prospectivecooperation.org\/pt-br\/wp-json\/wp\/v2\/types\/page"}],"author":[{"embeddable":true,"href":"https:\/\/www.prospectivecooperation.org\/pt-br\/wp-json\/wp\/v2\/users\/5"}],"replies":[{"embeddable":true,"href":"https:\/\/www.prospectivecooperation.org\/pt-br\/wp-json\/wp\/v2\/comments?post=5026"}],"version-history":[{"count":8,"href":"https:\/\/www.prospectivecooperation.org\/pt-br\/wp-json\/wp\/v2\/pages\/5026\/revisions"}],"predecessor-version":[{"id":5650,"href":"https:\/\/www.prospectivecooperation.org\/pt-br\/wp-json\/wp\/v2\/pages\/5026\/revisions\/5650"}],"wp:attachment":[{"href":"https:\/\/www.prospectivecooperation.org\/pt-br\/wp-json\/wp\/v2\/media?parent=5026"}],"curies":[{"name":"wp","href":"https:\/\/api.w.org\/{rel}","templated":true}]}}