{"id":276,"date":"2014-09-16T13:58:45","date_gmt":"2014-09-16T11:58:45","guid":{"rendered":"http:\/\/preprod.prospectivecooperation.org\/?page_id=276"},"modified":"2023-09-19T14:49:57","modified_gmt":"2023-09-19T12:49:57","slug":"organigrama-2","status":"publish","type":"page","link":"https:\/\/www.prospectivecooperation.org\/pt-br\/prospective-cooperation\/organigrama-2\/","title":{"rendered":"Organigrama"},"content":{"rendered":"<div class=\"wpb-content-wrapper\"><p>[vc_row][vc_column][vc_toggle title=&#8221;Presidente: Jean Gaudart&#8221; open=&#8221;true&#8221; icon=&#8221;angle-up&#8221; icon_closed=&#8221;angle-down&#8221; icon_position=&#8221;to-right&#8221;]<a href=\"https:\/\/www.prospectivecooperation.org\/wp-content\/uploads\/2022\/07\/Jean-Gaudart.jpg\"><img loading=\"lazy\" decoding=\"async\" class=\"wp-image-4994 alignleft\" src=\"https:\/\/www.prospectivecooperation.org\/wp-content\/uploads\/2022\/07\/Jean-Gaudart.jpg\" alt=\"\" width=\"136\" height=\"136\" srcset=\"https:\/\/www.prospectivecooperation.org\/wp-content\/uploads\/2022\/07\/Jean-Gaudart.jpg 298w, https:\/\/www.prospectivecooperation.org\/wp-content\/uploads\/2022\/07\/Jean-Gaudart-150x150.jpg 150w\" sizes=\"auto, (max-width: 136px) 100vw, 136px\" \/><\/a><\/p>\n<p>JEAN GAUDART \u00e9 <strong>m\u00e9dico<\/strong>, especialista em <strong>Sa\u00fade P\u00fablica<\/strong> e professor de <strong>bioestat\u00edstica<\/strong>. A sua pesquisa concentra-se na an\u00e1lise da din\u00e2mica espa\u00e7o-temporal das <strong>epidemias<\/strong>, em especial da <strong>mal\u00e1ria<\/strong> e da <strong>c\u00f3lera<\/strong>.<\/p>\n<p>Em particular, ele desenvolveu modelos matem\u00e1ticos para avaliar a rela\u00e7\u00e3o entre a transmiss\u00e3o, em particular a mal\u00e1ria, e v\u00e1rios fatores como o ambiente, o comportamento econ\u00f3mico e a mobilidade.<\/p>\n<p>(Ele) Colabora estreitamente e (desde) h\u00e1 cerca 16 anos com o \u201c<em>Malaria Research and Training Center<\/em> (MRTC)\u201d em Bamako, Mali (Pr. Ogobara Doumbo), e atualmente dirige o eixo de investiga\u00e7\u00e3o \u201cDynamiques \u00c9pid\u00e9miques et Territories\u201d \/ Din\u00e2micas Epidemias e Territ\u00f3rio dentro do UMR912.<\/p>\n<p>\u00c9 tamb\u00e9m respons\u00e1vel por uma especialidade <strong>do Master em Sa\u00fade P\u00fablica, Empresas e Desenvolvimento<\/strong> na <strong>Universidade de Marselha<\/strong>, ensino a dist\u00e2ncia, com cerca de 60 estudantes por ano, e \u00e9 diretor de tese para estudantes de doutoramento de numerosos pa\u00edses, entre os quais \u00a0Mali, Burkina Faso, Senegal, Togo, em colabora\u00e7\u00e3o com pesquisadores parceiros locais.[\/vc_toggle][vc_toggle title=&#8221;Diretor do Col\u00e9gio de Cooperadores: Marc Lescaudron&#8221; open=&#8221;true&#8221; icon=&#8221;angle-up&#8221; icon_closed=&#8221;angle-down&#8221; icon_position=&#8221;to-right&#8221;]<a href=\"https:\/\/www.prospectivecooperation.org\/wp-content\/uploads\/2022\/07\/m_lescaudron.jpg\"><img loading=\"lazy\" decoding=\"async\" class=\"wp-image-5003 size-full alignleft\" src=\"https:\/\/www.prospectivecooperation.org\/wp-content\/uploads\/2022\/07\/m_lescaudron.jpg\" alt=\"\" width=\"160\" height=\"166\" \/><\/a><\/p>\n<p>Marc Lescaudron \u00e9 atualmente <strong>avaliador e formador<\/strong> na \u201c<em>Prospective et Coop\u00e9ration<\/em>\u201d. Ele foi respons\u00e1vel por programas de refor\u00e7o <strong>das capacidades dos agentes locais na \u00c1frica Ocidental, no Mediterr\u00e2neo e na Am\u00e9rica Latina<\/strong> durante 14 anos. Neste contexto, ele foi respons\u00e1vel pelos estudos de viabilidade, concep\u00e7\u00e3o e supervis\u00e3o dos programas.<\/p>\n<p>Titular de um DEA de <strong>Hist\u00f3ria das Rela\u00e7\u00f5es Internacionais<\/strong> na Sorbonne e na Universidade Federal da Bahia (Brasil), de um Master 2 em <strong>sociologia das<\/strong> <strong>organiza\u00e7\u00f5es de desenvolvimento<\/strong> no IEDES (Instituto de Estudos de Desenvolvimento Econ\u00f4mico e Social- Pairs I Sorbonne) e um Master 2 A\u00e7\u00e3o e Direito Humanit\u00e1rios em Aix-Marseille-Universit\u00e9, professor auxiliar na Sorbonne-IEDES, no IEP de Grenoble e na Universidade de Aix-Marseille desde 2007, pratica os princ\u00edpios da <strong>pedagogia ativa<\/strong> e domina os instrumentos da <strong>an\u00e1lise institucional participativa<\/strong>.<\/p>\n<p>Por \u00faltimo, encomendou e realizou <strong>avalia\u00e7\u00f5es<\/strong> para v\u00e1rias ONG e organiza\u00e7\u00f5es internacionais na \u00c1frica, no Mediterr\u00e2neo e na \u00c1sia.[\/vc_toggle][vc_toggle title=&#8221;Administradora: Marie L\u00e9pin&#8221; open=&#8221;true&#8221; icon=&#8221;angle-up&#8221; icon_closed=&#8221;angle-down&#8221; icon_position=&#8221;to-right&#8221;]<a href=\"https:\/\/www.prospectivecooperation.org\/wp-content\/uploads\/2020\/03\/Photo-le-03-02-2020-\u00e0-11.30.jpg\"><img loading=\"lazy\" decoding=\"async\" class=\"wp-image-3871 alignleft\" src=\"https:\/\/www.prospectivecooperation.org\/wp-content\/uploads\/2020\/03\/Photo-le-03-02-2020-\u00e0-11.30-291x300.jpg\" alt=\"\" width=\"155\" height=\"160\" srcset=\"https:\/\/www.prospectivecooperation.org\/wp-content\/uploads\/2020\/03\/Photo-le-03-02-2020-\u00e0-11.30-291x300.jpg 291w, https:\/\/www.prospectivecooperation.org\/wp-content\/uploads\/2020\/03\/Photo-le-03-02-2020-\u00e0-11.30-600x619.jpg 600w, https:\/\/www.prospectivecooperation.org\/wp-content\/uploads\/2020\/03\/Photo-le-03-02-2020-\u00e0-11.30-672x693.jpg 672w, https:\/\/www.prospectivecooperation.org\/wp-content\/uploads\/2020\/03\/Photo-le-03-02-2020-\u00e0-11.30.jpg 689w\" sizes=\"auto, (max-width: 155px) 100vw, 155px\" \/><\/a>MARIE LEPIN \u00e9 <strong>m\u00e9dica<\/strong>, especialista em <strong>psiquiatria<\/strong>. Exerceu e exerce a dire\u00e7\u00e3o m\u00e9dica de diversos estabelecimentos <strong>pedo-psiqui\u00e1tricos<\/strong> no campo social e m\u00e9dico-social. Os <strong>v\u00edcios<\/strong> foram tamb\u00e9m um campo de exerc\u00edcio dentro de v\u00e1rias estruturas de tomada a cargo, uma das quais em <strong>Sfax, Tun\u00edsia<\/strong>. Ela foi encarregada do ensino da <strong>Faculdade de Marselha<\/strong> para esta tem\u00e1tica. Ainda neste campo, ela \u00e9 atualmente um adido da <strong>Assist\u00eancia P\u00fablica-Hospitais de Marselha<\/strong> em meio <strong>penitenci\u00e1rio<\/strong>. Ela exerceu a miss\u00e3o de m\u00e9dico certificador no \u00e2mbito do pedido de autoriza\u00e7\u00e3o de resid\u00eancia \u201c<strong>estrangeiro doente<\/strong>\u201d junto <strong>da A.R.S<\/strong>. Ela assumiu a refer\u00eancia t\u00e9cnica de uma a\u00e7\u00e3o de refor\u00e7o das compet\u00eancias nacionais em mat\u00e9ria de sa\u00fade mental em <strong>Nouakchott, Maurit\u00e2nia<\/strong>, de 2009 a 2014.[\/vc_toggle][vc_toggle title=&#8221;Administradora: Caroline Bodiou&#8221; open=&#8221;true&#8221; icon=&#8221;angle-up&#8221; icon_closed=&#8221;angle-down&#8221; icon_position=&#8221;to-right&#8221;]<a href=\"https:\/\/www.prospectivecooperation.org\/wp-content\/uploads\/2020\/03\/Caroline-Bodiou.jpg\"><img loading=\"lazy\" decoding=\"async\" class=\"wp-image-3875 alignleft\" src=\"https:\/\/www.prospectivecooperation.org\/wp-content\/uploads\/2020\/03\/Caroline-Bodiou.jpg\" alt=\"\" width=\"160\" height=\"160\" srcset=\"https:\/\/www.prospectivecooperation.org\/wp-content\/uploads\/2020\/03\/Caroline-Bodiou.jpg 200w, https:\/\/www.prospectivecooperation.org\/wp-content\/uploads\/2020\/03\/Caroline-Bodiou-150x150.jpg 150w\" sizes=\"auto, (max-width: 160px) 100vw, 160px\" \/><\/a><\/p>\n<p>CAROLINE BODIOU \u00e9 atualmente Gerente de <strong>Recursos Humanos em Aix-Marseille Universit\u00e9<\/strong> desde 2014 onde ela \u00e9 respons\u00e1vel pela gest\u00e3o de <strong>carreira<\/strong> e gest\u00e3o <strong>financeira<\/strong> do pessoal AMU. Ela foi <strong>formadora<\/strong> em balan\u00e7os de compet\u00eancia para um <strong>p\u00fablico em transi\u00e7\u00e3o<\/strong> <strong>de carreira<\/strong>. Foi volunt\u00e1ria em <strong>associa\u00e7\u00f5es humanit\u00e1rias<\/strong> em Fran\u00e7a e no Nepal. Ela ocupou igualmente, no seio de <strong>empresas comerciais<\/strong>, cargos de gest\u00e3o financeira e respons\u00e1vel pelas grandes contas multim\u00eddia.<\/p>\n<p>Ela tem um mestrado em <strong>gest\u00e3o empresarial<\/strong>.[\/vc_toggle][vc_toggle title=&#8221;Ex-membros&#8221; open=&#8221;true&#8221; icon=&#8221;angle-up&#8221; icon_closed=&#8221;angle-down&#8221; icon_position=&#8221;to-right&#8221;]<a href=\"https:\/\/www.prospectivecooperation.org\/pt-br\/organigrama-historico\/\" target=\"_blank\" rel=\"noopener\">&gt;&gt; Veja ex-membros<\/a>[\/vc_toggle][\/vc_column][\/vc_row]<\/p>\n<\/div>","protected":false},"excerpt":{"rendered":"<p>[vc_row][vc_column][vc_toggle title=&#8221;Presidente: Jean Gaudart&#8221; open=&#8221;true&#8221; icon=&#8221;angle-up&#8221; icon_closed=&#8221;angle-down&#8221; icon_position=&#8221;to-right&#8221;] JEAN GAUDART \u00e9 m\u00e9dico, especialista em Sa\u00fade P\u00fablica e professor de bioestat\u00edstica. A sua pesquisa concentra-se na an\u00e1lise da din\u00e2mica espa\u00e7o-temporal das epidemias, em especial da mal\u00e1ria e da c\u00f3lera. Em particular, ele desenvolveu modelos matem\u00e1ticos para avaliar a rela\u00e7\u00e3o entre a transmiss\u00e3o, em particular a mal\u00e1ria, e v\u00e1rios fatores como o [&hellip;]<\/p>\n","protected":false},"author":11317,"featured_media":0,"parent":122,"menu_order":0,"comment_status":"open","ping_status":"closed","template":"","meta":{"footnotes":""},"class_list":["post-276","page","type-page","status-publish","hentry"],"_links":{"self":[{"href":"https:\/\/www.prospectivecooperation.org\/pt-br\/wp-json\/wp\/v2\/pages\/276","targetHints":{"allow":["GET"]}}],"collection":[{"href":"https:\/\/www.prospectivecooperation.org\/pt-br\/wp-json\/wp\/v2\/pages"}],"about":[{"href":"https:\/\/www.prospectivecooperation.org\/pt-br\/wp-json\/wp\/v2\/types\/page"}],"author":[{"embeddable":true,"href":"https:\/\/www.prospectivecooperation.org\/pt-br\/wp-json\/wp\/v2\/users\/11317"}],"replies":[{"embeddable":true,"href":"https:\/\/www.prospectivecooperation.org\/pt-br\/wp-json\/wp\/v2\/comments?post=276"}],"version-history":[{"count":10,"href":"https:\/\/www.prospectivecooperation.org\/pt-br\/wp-json\/wp\/v2\/pages\/276\/revisions"}],"predecessor-version":[{"id":5829,"href":"https:\/\/www.prospectivecooperation.org\/pt-br\/wp-json\/wp\/v2\/pages\/276\/revisions\/5829"}],"up":[{"embeddable":true,"href":"https:\/\/www.prospectivecooperation.org\/pt-br\/wp-json\/wp\/v2\/pages\/122"}],"wp:attachment":[{"href":"https:\/\/www.prospectivecooperation.org\/pt-br\/wp-json\/wp\/v2\/media?parent=276"}],"curies":[{"name":"wp","href":"https:\/\/api.w.org\/{rel}","templated":true}]}}