{"id":6002,"date":"2024-04-04T17:43:12","date_gmt":"2024-04-04T15:43:12","guid":{"rendered":"https:\/\/www.prospectivecooperation.org\/objetivos-misiones-4\/incubadora-de-investigacion-innovadora\/"},"modified":"2024-04-04T17:47:48","modified_gmt":"2024-04-04T15:47:48","slug":"incubadora-de-investigacion-innovadora","status":"publish","type":"page","link":"https:\/\/www.prospectivecooperation.org\/es\/objetivos-misiones-4\/incubadora-de-investigacion-innovadora\/","title":{"rendered":"Incubadora de investigaci\u00f3n innovadora"},"content":{"rendered":"<div class=\"wpb-content-wrapper\"><p>[vc_row][vc_column][vc_column_text]<\/p>\n<h6 style=\"text-align: justify;\">El <strong>Vivero de Empresas<\/strong> de Investigaci\u00f3n Innovadora es un dispositivo original creado por iniciativa de los miembros de la asociaci\u00f3n, con su propia financiaci\u00f3n, para responder a la necesidad de libertad y flexibilidad en la investigaci\u00f3n cient\u00edfica aplicada. Este apoyo es ilimitado en el tiempo y sin restricciones administrativas, lo que le permite responder lo mejor posible a los objetivos de independencia e inter\u00e9s general, definidos por cada investigador que participa en el programa.\u00a0De este modo, los investigadores que se adhieren a la incubadora son libres de establecer su propio marco de trabajo. La incubadora se financia a trav\u00e9s de los servicios prestados por el investigador a diversos patrocinadores, que conceden al investigador un derecho de giro sobre las sumas facturadas hasta agotarlas.<\/h6>\n<h6>Este sistema financia actualmente los siguientes trabajos, divididos en 3 \u00e1reas tem\u00e1ticas:<\/h6>\n<p>[\/vc_column_text][\/vc_column][\/vc_row][vc_row][vc_column]<div class=\"row multi-columns-row colored-icons one-column-items\"><div class=\"feature-items col-xs-12  col-md-12\"><div class=\"kleo-block feature-item list-el-animated default-icons-size\"><span class=\"feature-icon el-appear icon-ambulance\"><\/span><h3 class=\"feature-title\"><\/h3><div class=\"feature-text\"><\/p>\n<h1><strong>Sanidad y protecci\u00f3n social<\/strong><\/h1>\n<p><\/div><\/div><\/div><div class=\"feature-items col-xs-12  col-md-12\"><div class=\"kleo-block feature-item list-el-animated default-icons-size\"><span class=\"feature-icon el-appear icon-angle-right\"><\/span><h3 class=\"feature-title\"><\/h3><div class=\"feature-text\"><\/p>\n<h3><span style=\"color: #99cc00;\"><strong>La lucha contra el c\u00f3lera<\/strong><\/span><\/h3>\n<p><\/div><\/div><\/div><div class=\"feature-items col-xs-12  col-md-12\"><div class=\"kleo-block feature-item list-el-animated default-icons-size\"><span class=\"feature-icon el-appear icon-0\"><\/span><h3 class=\"feature-title\">Incubando ideas en la lucha contra el c\u00f3lera<\/h3><div class=\"feature-text\"><\/p>\n<ul>\n<li>Directora de investigaci\u00f3n: <strong>Dra.<\/strong>\u00a0<strong> Sandra Moore<\/strong><\/li>\n<\/ul>\n<p><\/div><\/div><\/div><div class=\"feature-items col-xs-12  col-md-12\"><div class=\"kleo-block feature-item list-el-animated default-icons-size\"><span class=\"feature-icon el-appear icon-0\"><\/span><h3 class=\"feature-title\">Incubando ideas en la lucha contra el c\u00f3lera<\/h3><div class=\"feature-text\"><\/p>\n<ul>\n<li>Directores de investigaci\u00f3n: <strong>Pr Renaud Piarroux<\/strong>, Profesor de Parasitolog\u00eda y Micolog\u00eda en la Universidad Pierre et Marie Curie y Jefe del Laboratorio de Parasitolog\u00eda y Micolog\u00eda del Hospital Piti\u00e9-Salp\u00eatri\u00e8re, Assistance Publique-H\u00f4pitaux de Paris; <strong>Dr Stanislas Rebaudet<\/strong>, especialista en enfermedades infecciosas y tropicales y epidemi\u00f3logo en la Assistance Publique<\/li>\n<li>H\u00f4pitaux de Marseille (APHM) y el H\u00f4pital Europ\u00e9en Marseille; y <a href=\"https:\/\/www.linkedin.com\/in\/pierre-gazin-a6946162\/\" target=\"_blank\" rel=\"noopener\"><strong>Dr Pierre Gazin<\/strong><\/a>, parasit\u00f3logo e investigador en el IRD.<\/li>\n<\/ul>\n<p><\/div><\/div><\/div><div class=\"feature-items col-xs-12  col-md-12\"><div class=\"kleo-block feature-item list-el-animated default-icons-size\"><span class=\"feature-icon el-appear icon-angle-right\"><\/span><h3 class=\"feature-title\"><\/h3><div class=\"feature-text\"><\/p>\n<h3><span style=\"color: #99cc00;\"><strong>La lucha contra el paludismo<\/strong><\/span><\/h3>\n<p><\/div><\/div><\/div><div class=\"feature-items col-xs-12  col-md-12\"><div class=\"kleo-block feature-item list-el-animated default-icons-size\"><span class=\"feature-icon el-appear icon-0\"><\/span><h3 class=\"feature-title\">Incubaci\u00f3n de ideas en la lucha contra la malaria en sud\u00e1frica<\/h3><div class=\"feature-text\"><\/p>\n<ul>\n<li>Director de la investigaci\u00f3n: <strong>Pr Jean Gaudart<\/strong><\/li>\n<\/ul>\n<p><\/div><\/div><\/div><div class=\"feature-items col-xs-12  col-md-12\"><div class=\"kleo-block feature-item list-el-animated default-icons-size\"><span class=\"feature-icon el-appear icon-0\"><\/span><h3 class=\"feature-title\">La incubaci\u00f3n de ideas en la lucha contra la malaria en mal\u00ed y sud\u00e1frica<\/h3><div class=\"feature-text\"><\/p>\n<ul>\n<li>Supervisores de la investigaci\u00f3n: <strong>Pr Jean Gaudart, Dr Jordi Landier, Dr Karim Bendiane<\/strong><\/li>\n<li>El objetivo es analizar la din\u00e1mica espacial y temporal de la malaria, en particular el impacto de la portaci\u00f3n asintom\u00e1tica del par\u00e1sito como reservorio. La importancia de los factores ambientales, as\u00ed como el comportamiento de los individuos y las organizaciones sociales, son factores fundamentales que modulan la din\u00e1mica del paludismo. Esta investigaci\u00f3n transdisciplinaria se lleva a cabo en colaboraci\u00f3n con equipos de investigaci\u00f3n de Mal\u00ed (MRTC, Universidad de Ciencias T\u00e9cnicas y Tecnolog\u00edas de Bamako), Senegal (UCAD e IRD Dakar) y Sud\u00e1frica (Universidad de Pretoria, ISMC).<\/li>\n<\/ul>\n<p><\/div><\/div><\/div><div class=\"feature-items col-xs-12  col-md-12\"><div class=\"kleo-block feature-item list-el-animated default-icons-size\"><span class=\"feature-icon el-appear icon-0\"><\/span><h3 class=\"feature-title\">Incubar ideas en la lucha contra la malaria<\/h3><div class=\"feature-text\"><\/p>\n<ul>\n<li>Supervisor de investigaci\u00f3n: <a href=\"https:\/\/sesstim.univ-amu.fr\/users\/jean-gaudart\" target=\"_blank\" rel=\"noopener\"><strong>Dr Jean Gaudart<\/strong><\/a>, UMR 912, SESSTIM (AMU INSERM IRD).<\/li>\n<li>Publicaci\u00f3n disponible: \u00ab<a href=\"http:\/\/www.prospectivecooperation.org\/dynamique-temporelle-du-paludisme-dans-une-zone-periurbaine-le-long-du-fleuve-niger\/\" target=\"_blank\" rel=\"noopener\">Dynamique temporelle du paludisme dans une zone p\u00e9riurbaine le long du fleuve Niger<\/a>\u00ab<em>(Malaria Journal, 23 oct 2017<\/em>)<\/li>\n<\/ul>\n<p><\/div><\/div><\/div><div class=\"feature-items col-xs-12  col-md-12\"><div class=\"kleo-block feature-item list-el-animated default-icons-size\"><span class=\"feature-icon el-appear icon-angle-right\"><\/span><h3 class=\"feature-title\"><\/h3><div class=\"feature-text\"><\/p>\n<h3><span style=\"color: #99cc00;\"><strong>Calidad de la prestaci\u00f3n de servicios de salud mental<\/strong><\/span><\/h3>\n<p><\/div><\/div><\/div><div class=\"feature-items col-xs-12  col-md-12\"><div class=\"kleo-block feature-item list-el-animated default-icons-size\"><span class=\"feature-icon el-appear icon-0\"><\/span><h3 class=\"feature-title\">Incubaci\u00f3n de ideas para apoyar el acceso a una atenci\u00f3n de salud mental de calidad<\/h3><div class=\"feature-text\"><\/p>\n<ul>\n<li>Misi\u00f3n exploratoria para elaborar un plan de formaci\u00f3n de 3 a\u00f1os para el personal de enfermer\u00eda del Centro Neuropsiqui\u00e1trico de Nuakchot<\/li>\n<li>Directoras de la investigaci\u00f3n: <strong> Monique D&#8217;Amore<\/strong> y <strong>Dra. Marie L\u00e9pine<\/strong><\/li>\n<\/ul>\n<p><\/div><\/div><\/div><\/div><div class=\"row multi-columns-row colored-icons one-column-items\"><div class=\"feature-items col-xs-12  col-md-12\"><div class=\"kleo-block feature-item list-el-animated default-icons-size\"><span class=\"feature-icon el-appear icon-globe\"><\/span><h3 class=\"feature-title\"><\/h3><div class=\"feature-text\"><\/p>\n<h1>Derechos humanos y ciudadan\u00eda<\/h1>\n<p><\/div><\/div><\/div><div class=\"feature-items col-xs-12  col-md-12\"><div class=\"kleo-block feature-item list-el-animated default-icons-size\"><span class=\"feature-icon el-appear icon-angle-right\"><\/span><h3 class=\"feature-title\"><\/h3><div class=\"feature-text\"><\/p>\n<h3><span style=\"color: #99cc00;\"><strong>Derechos humanos<\/strong><\/span><\/h3>\n<p><\/div><\/div><\/div><div class=\"feature-items col-xs-12  col-md-12\"><div class=\"kleo-block feature-item list-el-animated default-icons-size\"><span class=\"feature-icon el-appear icon-0\"><\/span><h3 class=\"feature-title\">Incubadora de ideas sobre derechos humanos<\/h3><div class=\"feature-text\"><\/p>\n<ul>\n<li>Director de investigaci\u00f3n: <strong>Marc Lescaudron<\/strong><\/li>\n<\/ul>\n<p><\/div><\/div><\/div><div class=\"feature-items col-xs-12  col-md-12\"><div class=\"kleo-block feature-item list-el-animated default-icons-size\"><span class=\"feature-icon el-appear icon-angle-right\"><\/span><h3 class=\"feature-title\"><\/h3><div class=\"feature-text\"><\/p>\n<h3><span style=\"color: #99cc00;\"><strong>Migraci\u00f3n<\/strong><\/span><\/h3>\n<p><\/div><\/div><\/div><div class=\"feature-items col-xs-12  col-md-12\"><div class=\"kleo-block feature-item list-el-animated default-icons-size\"><span class=\"feature-icon el-appear icon-0\"><\/span><h3 class=\"feature-title\">Incubadora de ideas sobre cuestiones de migraci\u00f3n<\/h3><div class=\"feature-text\"><\/p>\n<ul>\n<li>Directora de investigaci\u00f3n: <strong>Virginie Baby-Collin<\/strong><\/li>\n<\/ul>\n<p><\/div><\/div><\/div><\/div><div class=\"row multi-columns-row colored-icons one-column-items\"><div class=\"feature-items col-xs-12  col-md-12\"><div class=\"kleo-block feature-item list-el-animated default-icons-size\"><span class=\"feature-icon el-appear icon-arrows-cw\"><\/span><h3 class=\"feature-title\"><\/h3><div class=\"feature-text\"><\/p>\n<h1>Medio ambiente y transici\u00f3n ecol\u00f3gica<\/h1>\n<p><\/div><\/div><\/div><div class=\"feature-items col-xs-12  col-md-12\"><div class=\"kleo-block feature-item list-el-animated default-icons-size\"><span class=\"feature-icon el-appear icon-angle-right\"><\/span><h3 class=\"feature-title\"><\/h3><div class=\"feature-text\"><\/p>\n<h3><span style=\"color: #99cc00;\"><strong>Ecolog\u00eda urbana y rural y ciudades sostenibles<\/strong><\/span><\/h3>\n<p><\/div><\/div><\/div><div class=\"feature-items col-xs-12  col-md-12\"><div class=\"kleo-block feature-item list-el-animated default-icons-size\"><span class=\"feature-icon el-appear icon-0\"><\/span><h3 class=\"feature-title\">Incubadora de ideas sobre ecolog\u00eda urbana<\/h3><div class=\"feature-text\"><\/p>\n<ul>\n<li>Directora de investigaci\u00f3n: <strong>Marie Lan Leroy-Nguyen<\/strong><\/li>\n<li>Publicaci\u00f3n disponible: \u00ab<a href=\"https:\/\/www.prospectivecooperation.org\/recyclage-et-valorisation-des-materiaux-a-hanoi\/\" target=\"_blank\" rel=\"noopener\">Reciclaje y recuperaci\u00f3n de materiales: la red Dong Nat en Hanoi<\/a>\u00ab.<\/li>\n<\/ul>\n<p><\/div><\/div><\/div><\/div>[\/vc_column][\/vc_row]<\/p>\n<\/div>","protected":false},"excerpt":{"rendered":"<p>[vc_row][vc_column][vc_column_text] El Vivero de Empresas de Investigaci\u00f3n Innovadora es un dispositivo original creado por iniciativa de los miembros de la asociaci\u00f3n, con su propia financiaci\u00f3n, para responder a la necesidad de libertad y flexibilidad en la investigaci\u00f3n cient\u00edfica aplicada. Este apoyo es ilimitado en el tiempo y sin restricciones administrativas, lo que le permite responder lo mejor posible a los [&hellip;]<\/p>\n","protected":false},"author":5,"featured_media":0,"parent":145,"menu_order":0,"comment_status":"closed","ping_status":"closed","template":"","meta":{"footnotes":""},"class_list":["post-6002","page","type-page","status-publish","hentry"],"_links":{"self":[{"href":"https:\/\/www.prospectivecooperation.org\/es\/wp-json\/wp\/v2\/pages\/6002","targetHints":{"allow":["GET"]}}],"collection":[{"href":"https:\/\/www.prospectivecooperation.org\/es\/wp-json\/wp\/v2\/pages"}],"about":[{"href":"https:\/\/www.prospectivecooperation.org\/es\/wp-json\/wp\/v2\/types\/page"}],"author":[{"embeddable":true,"href":"https:\/\/www.prospectivecooperation.org\/es\/wp-json\/wp\/v2\/users\/5"}],"replies":[{"embeddable":true,"href":"https:\/\/www.prospectivecooperation.org\/es\/wp-json\/wp\/v2\/comments?post=6002"}],"version-history":[{"count":3,"href":"https:\/\/www.prospectivecooperation.org\/es\/wp-json\/wp\/v2\/pages\/6002\/revisions"}],"predecessor-version":[{"id":6006,"href":"https:\/\/www.prospectivecooperation.org\/es\/wp-json\/wp\/v2\/pages\/6002\/revisions\/6006"}],"up":[{"embeddable":true,"href":"https:\/\/www.prospectivecooperation.org\/es\/wp-json\/wp\/v2\/pages\/145"}],"wp:attachment":[{"href":"https:\/\/www.prospectivecooperation.org\/es\/wp-json\/wp\/v2\/media?parent=6002"}],"curies":[{"name":"wp","href":"https:\/\/api.w.org\/{rel}","templated":true}]}}