{"id":274,"date":"2014-09-16T13:58:23","date_gmt":"2014-09-16T11:58:23","guid":{"rendered":"http:\/\/preprod.prospectivecooperation.org\/?page_id=274"},"modified":"2015-02-21T11:22:43","modified_gmt":"2015-02-21T10:22:43","slug":"organigrama","status":"publish","type":"page","link":"https:\/\/www.prospectivecooperation.org\/es\/prospective-cooperation\/organigrama\/","title":{"rendered":"Organigrama"},"content":{"rendered":"<div class=\"wpb-content-wrapper\"><p>[vc_row][vc_column width=\u00bb1\/1&#8243;][vc_toggle title=\u00bbPresidente : Alain Leplaideur\u00bb open=\u00bbtrue\u00bb icon=\u00bbangle-up\u00bb icon_closed=\u00bbangle-down\u00bb icon_position=\u00bbto-right\u00bb tooltip_position=\u00bbleft\u00bb tooltip_action=\u00bbhover\u00bb css_animation=\u00bbright-to-left\u00bb]<img loading=\"lazy\" decoding=\"async\" class=\"alignleft size-full wp-image-1291\" src=\"http:\/\/www.prospectivecooperation.org\/wp-content\/uploads\/2014\/09\/alain_leplaideur.png\" alt=\"alain leplaideur\" width=\"160\" height=\"211\" srcset=\"https:\/\/www.prospectivecooperation.org\/wp-content\/uploads\/2014\/09\/alain_leplaideur.png 160w, https:\/\/www.prospectivecooperation.org\/wp-content\/uploads\/2014\/09\/alain_leplaideur-480x633.png 480w\" sizes=\"auto, (max-width: 160px) 100vw, 160px\" \/><strong>ALAIN LEPLAIDEUR,<\/strong> ingeniero en Agricultura y Doctor en Econom\u00eda Rural, Alain Leplaideur vive una jubilaci\u00f3n activa: <strong>ex miembro del Comit\u00e9 Cient\u00edfico de Action Contre la Faim y Presidente de la asociaci\u00f3n CARI<\/strong> quien trabaja en los oasis y en las regiones \u00e1ridas.<\/p>\n<p>Despu\u00e9s de una carrera de <strong>investigador senior en CIRAD<\/strong>, sobre los sistemas agrarios y sectores de comercio de los productos locales, se uni\u00f3 al <strong>Ministerio de Relaciones Exteriores<\/strong> para ocuparse de los asuntos sobre la investigaci\u00f3n en biodiversidad, en medioambiente y en desarrollo sostenible sobre la totalidad de la zonas tropicales donde el Ministerio tiene proyectos.<\/p>\n<p>Luego, <strong>director de Investigaci\u00f3n en el IRD<\/strong>, tom\u00f3 la responsabilidad de uno de sus cinco departamentos, el Departamento de Apoyo y de Formaci\u00f3n de los cient\u00edficos del Sur, donde utiliz\u00f3 las t\u00e9cnicas de gesti\u00f3n, de investigaci\u00f3n para la <strong>promoci\u00f3n de los equipos de investigadores africanos, latinoamericanos y asi\u00e1ticos.<\/strong>[\/vc_toggle][vc_toggle title=\u00bbTesorero : Vincent Wallaert\u00bb open=\u00bbtrue\u00bb icon=\u00bbangle-up\u00bb icon_closed=\u00bbangle-down\u00bb icon_position=\u00bbto-right\u00bb tooltip_position=\u00bbleft\u00bb tooltip_action=\u00bbhover\u00bb css_animation=\u00bbright-to-left\u00bb]<img loading=\"lazy\" decoding=\"async\" class=\"alignleft size-full wp-image-1293\" src=\"http:\/\/www.prospectivecooperation.org\/wp-content\/uploads\/2014\/09\/v_wallaert-.jpg\" alt=\"v_wallaert\" width=\"160\" height=\"198\" \/>Es responsable del <strong>Polo de cooperaci\u00f3n territorial<\/strong> de la Agencia de las Ciudades y Territorios Sostenibles del Mediterr\u00e1neo (AViTeM, Marseille, Francia). El ensena la <strong>econom\u00eda territorial<\/strong> y la<strong> elaboraci\u00f3n de proyectos<\/strong> en varios Master de <strong>Aix Marseille Universidad (AMU).<\/strong>[\/vc_toggle][vc_toggle title=\u00bbDirector del colegio de los cooperantes : Marc Lescaudron\u00bb open=\u00bbtrue\u00bb icon=\u00bbangle-up\u00bb icon_closed=\u00bbangle-down\u00bb icon_position=\u00bbto-right\u00bb tooltip_position=\u00bbleft\u00bb tooltip_action=\u00bbhover\u00bb css_animation=\u00bbright-to-left\u00bb]<img loading=\"lazy\" decoding=\"async\" class=\"alignleft size-full wp-image-1294\" src=\"http:\/\/www.prospectivecooperation.org\/wp-content\/uploads\/2014\/09\/m_lescaudron.jpg\" alt=\"m lescaudron\" width=\"160\" height=\"166\" \/><strong>MARC LESCAUDRON <\/strong>es actualmente <strong>evaluador y formador<\/strong> en el seno de <em>Prospective &amp; Cooperation<\/em>. Fue responsable de programas de <strong>refuerzo de las capacidades de los actores locales en Africa del Oeste, en el mediterr\u00e1neo y en Am\u00e9rica Latina<\/strong> durante 14 a\u00f1os. En este marco, fue encargado de los estudios de factibilidad, de la concepci\u00f3n y de la supervisi\u00f3n de los programas.<\/p>\n<p>Titular de un D.E.A de historia de <strong>Relaciones Internacionales<\/strong> en la Sorbonne y en la Universidade Federal da Bah\u00eda (Brasil) y de una maestr\u00eda en sociolog\u00eda de las organizaciones de desarrollo del IEDES (Instituto de Estudios de Desarrollo Econ\u00f3mico y Social- Paris I Sorbonne), docente en la Sorbonne- IEDES y en la Universit\u00e9 d\u2019Aix- Marseille desde 2007, practica los principios de la <strong>pedagog\u00eda activa<\/strong> y controla los instrumentos del <strong>an\u00e1lisis institucional participativa. <\/strong><\/p>\n<p>En fin, comandito et condujo <strong>evaluaciones<\/strong> para varias ONG y organizaciones internacionales en \u00c1frica, en el Mediterr\u00e1neo y en Asia<\/p>\n<p>[\/vc_toggle][vc_toggle title=\u00bbDirectora asociada : Sophie Beau\u00bb open=\u00bbtrue\u00bb icon=\u00bbangle-up\u00bb icon_closed=\u00bbangle-down\u00bb icon_position=\u00bbto-right\u00bb tooltip_position=\u00bbleft\u00bb tooltip_action=\u00bbhover\u00bb css_animation=\u00bbright-to-left\u00bb]<img loading=\"lazy\" decoding=\"async\" class=\"alignleft size-full wp-image-1296\" src=\"http:\/\/www.prospectivecooperation.org\/wp-content\/uploads\/2014\/09\/Sophie_beau.jpg\" alt=\"Sophie Beau\" width=\"159\" height=\"203\" srcset=\"https:\/\/www.prospectivecooperation.org\/wp-content\/uploads\/2014\/09\/Sophie_beau.jpg 159w, https:\/\/www.prospectivecooperation.org\/wp-content\/uploads\/2014\/09\/Sophie_beau-480x612.jpg 480w\" sizes=\"auto, (max-width: 159px) 100vw, 159px\" \/><strong>SOPHIE BEAU <\/strong>interviene como <strong>consultora al lado de les sectores y de mecenas de la acci\u00f3n social y m\u00e9dico-social. <\/strong><\/p>\n<p>Tras 15 a\u00f1os de experiencia en la direcci\u00f3n de proyectos y asociaci\u00f3n, junto a los p\u00fablicos en precariedad en Francia y en el internacional (<strong>M\u00e9decins du Monde, M\u00e9decins Sans Fronti\u00e8res, F\u00e9d\u00e9ration Nationale des Associations d\u2019Accueil et de R\u00e9insertion Sociale, Fondation CMA CGM pour l\u2019enfance<\/strong>), fund\u00f3 en 2011 la oficina de estudios Alis\u00e9s Conseil.<\/p>\n<p>Formada en <strong>Antropolog\u00eda<\/strong> y en <strong>Ciencias Pol\u00edticas<\/strong>, ella \u00e9 especializada en ingenier\u00eda de proyectos, en consejos estrat\u00e9gicos y en procesos participativos.[\/vc_toggle][vc_toggle title=\u00bbEncargada de los proyectos : Camille Fleury\u00bb open=\u00bbtrue\u00bb icon=\u00bbangle-up\u00bb icon_closed=\u00bbangle-down\u00bb icon_position=\u00bbto-right\u00bb tooltip_position=\u00bbleft\u00bb tooltip_action=\u00bbhover\u00bb css_animation=\u00bbright-to-left\u00bb]<img loading=\"lazy\" decoding=\"async\" class=\"alignleft size-full wp-image-1297\" src=\"http:\/\/www.prospectivecooperation.org\/wp-content\/uploads\/2014\/09\/camille_fleury.jpg\" alt=\"camille Fleury\" width=\"160\" height=\"164\" \/>Titulada con el M\u00e1ster en ingenier\u00eda de proyectos de cooperaci\u00f3n en Lille 1, Francia, construye y coordina, con Prospective et Coop\u00e9ration, diferentes <strong>proyectos de educaci\u00f3n al desarrollo, a la ciudadan\u00eda y a la solidaridad (EADCS)<\/strong>, entre los cuales el proyecto Identidades Mediterr\u00e1neas.<\/p>\n<p>Ha sido la encargada en el Instituto de Cooperaci\u00f3n para el Desarrollo en \u00c1frica de la <strong>coordinaci\u00f3n de proyectos de cooperaci\u00f3n internacional<\/strong> en Senegal y de la promoci\u00f3n de circuitos de turismo justo y solidario. Era responsable en particular de la <strong>sensibilizaci\u00f3n<\/strong> de los viajeros sobre los <strong>desaf\u00edos de la interculturalidad y los retos mundiales de desarrollo<\/strong>.<\/p>\n<p>Antes de trabajar en el \u00e1mbito internacional, se involucr\u00f3 durante 3 a\u00f1os en el campo de la inserci\u00f3n socio profesional en Francia, dedic\u00e1ndose espec\u00edficamente a los desaf\u00edos de la <strong>participaci\u00f3n<\/strong> de los usuarios en la definici\u00f3n y la puesta en pr\u00e1ctica de las pol\u00edticas p\u00fablicas.[\/vc_toggle][\/vc_column][\/vc_row]<\/p>\n<\/div>","protected":false},"excerpt":{"rendered":"<p>[vc_row][vc_column width=\u00bb1\/1&#8243;][vc_toggle title=\u00bbPresidente : Alain Leplaideur\u00bb open=\u00bbtrue\u00bb icon=\u00bbangle-up\u00bb icon_closed=\u00bbangle-down\u00bb icon_position=\u00bbto-right\u00bb tooltip_position=\u00bbleft\u00bb tooltip_action=\u00bbhover\u00bb css_animation=\u00bbright-to-left\u00bb]ALAIN LEPLAIDEUR, ingeniero en Agricultura y Doctor en Econom\u00eda Rural, Alain Leplaideur vive una jubilaci\u00f3n activa: ex miembro del Comit\u00e9 Cient\u00edfico de Action Contre la Faim y Presidente de la asociaci\u00f3n CARI quien trabaja en los oasis y en las regiones \u00e1ridas. Despu\u00e9s de una carrera de investigador [&hellip;]<\/p>\n","protected":false},"author":11317,"featured_media":0,"parent":120,"menu_order":0,"comment_status":"open","ping_status":"closed","template":"","meta":{"footnotes":""},"class_list":["post-274","page","type-page","status-publish","hentry"],"_links":{"self":[{"href":"https:\/\/www.prospectivecooperation.org\/es\/wp-json\/wp\/v2\/pages\/274","targetHints":{"allow":["GET"]}}],"collection":[{"href":"https:\/\/www.prospectivecooperation.org\/es\/wp-json\/wp\/v2\/pages"}],"about":[{"href":"https:\/\/www.prospectivecooperation.org\/es\/wp-json\/wp\/v2\/types\/page"}],"author":[{"embeddable":true,"href":"https:\/\/www.prospectivecooperation.org\/es\/wp-json\/wp\/v2\/users\/11317"}],"replies":[{"embeddable":true,"href":"https:\/\/www.prospectivecooperation.org\/es\/wp-json\/wp\/v2\/comments?post=274"}],"version-history":[{"count":5,"href":"https:\/\/www.prospectivecooperation.org\/es\/wp-json\/wp\/v2\/pages\/274\/revisions"}],"predecessor-version":[{"id":1531,"href":"https:\/\/www.prospectivecooperation.org\/es\/wp-json\/wp\/v2\/pages\/274\/revisions\/1531"}],"up":[{"embeddable":true,"href":"https:\/\/www.prospectivecooperation.org\/es\/wp-json\/wp\/v2\/pages\/120"}],"wp:attachment":[{"href":"https:\/\/www.prospectivecooperation.org\/es\/wp-json\/wp\/v2\/media?parent=274"}],"curies":[{"name":"wp","href":"https:\/\/api.w.org\/{rel}","templated":true}]}}