{"id":2357,"date":"2017-10-17T11:31:52","date_gmt":"2017-10-17T09:31:52","guid":{"rendered":"http:\/\/www.prospectivecooperation.org\/en\/?page_id=2357"},"modified":"2025-04-28T12:30:56","modified_gmt":"2025-04-28T10:30:56","slug":"resources","status":"publish","type":"page","link":"https:\/\/www.prospectivecooperation.org\/en\/thinktank\/resources\/","title":{"rendered":"Resources"},"content":{"rendered":"<div class=\"wpb-content-wrapper\"><p>[vc_row][vc_column]\n\t<div class=\"kleo-carousel-container \">\n\t\t<div class=\"kleo-carousel-items kleo-carousel-post\" data-min-items=\"3\" data-max-items=\"6\">\n\t\t\t<ul class=\"kleo-carousel\">\n\n\t\t\t\t\n<li id=\"post-6822\" class=\"post-item col-sm-4 post-6822 post type-post status-publish format-standard has-post-thumbnail hentry category-resource\">\n    <article>\n\n\t\t<div class=\"post-image\"><a href=\"https:\/\/www.prospectivecooperation.org\/en\/cultural-projects-and-social-bond-part-1\/\" class=\"element-wrap\"><img loading=\"lazy\" decoding=\"async\" width=\"480\" height=\"270\" src=\"https:\/\/www.prospectivecooperation.org\/wp-content\/uploads\/2025\/04\/acces-culture-icc-afrique-480x270.jpg\" class=\"attachment-kleo-post-gallery size-kleo-post-gallery wp-post-image\" alt=\"\" \/><span class=\"hover-element\"><i>+<\/i><\/span><\/a><\/div><!--end post-image-->\n        <div class=\"entry-content\">\n            <h4 class=\"post-title entry-title\"><a href=\"https:\/\/www.prospectivecooperation.org\/en\/cultural-projects-and-social-bond-part-1\/\">Cultural projects and social bond (Part 1)<\/a><\/h4>\n\n            <span class=\"post-meta hidden hide\">\n                <small><a href=\"https:\/\/www.prospectivecooperation.org\/en\/cultural-projects-and-social-bond-part-1\/\" rel=\"bookmark\" class=\"post-time\"><time class=\"entry-date\" datetime=\"2025-04-25T09:52:37+02:00\">25 April 2025<\/time><time class=\"modify-date hide hidden updated\" datetime=\"2025-04-28T13:56:58+02:00\">28 April 2025<\/time><\/a><\/small>            <\/span>\n\n\t\t\t                <hr>\n                <div class=\"entry-summary\">\n\t\t\t\t\t<p>Prospective and Cooperation publishes the final reports of its support mission to the \u201cAcc\u00e8s Culture\u201d programme 2020-2023 (part 1),...<\/p>                <\/div><!-- .entry-summary -->\n\t\t\t        <\/div><!--end post-info-->\n\n    <\/article>\n<\/li>\n<li id=\"post-6727\" class=\"post-item col-sm-4 post-6727 post type-post status-publish format-standard has-post-thumbnail hentry category-resource tag-corhesan-en\">\n    <article>\n\n\t\t<div class=\"post-image\"><a href=\"https:\/\/www.prospectivecooperation.org\/en\/health-mediation-in-marseilles\/\" class=\"element-wrap\"><img loading=\"lazy\" decoding=\"async\" width=\"480\" height=\"270\" src=\"https:\/\/www.prospectivecooperation.org\/wp-content\/uploads\/2025\/03\/Bilan-CORHESAN-480x270.png\" class=\"attachment-kleo-post-gallery size-kleo-post-gallery wp-post-image\" alt=\"\" \/><span class=\"hover-element\"><i>+<\/i><\/span><\/a><\/div><!--end post-image-->\n        <div class=\"entry-content\">\n            <h4 class=\"post-title entry-title\"><a href=\"https:\/\/www.prospectivecooperation.org\/en\/health-mediation-in-marseilles\/\">Health mediation in Marseilles<\/a><\/h4>\n\n            <span class=\"post-meta hidden hide\">\n                <small><a href=\"https:\/\/www.prospectivecooperation.org\/en\/health-mediation-in-marseilles\/\" rel=\"bookmark\" class=\"post-time\"><time class=\"entry-date\" datetime=\"2025-04-03T12:03:56+02:00\">3 April 2025<\/time><time class=\"modify-date hide hidden updated\" datetime=\"2025-04-03T12:16:05+02:00\">3 April 2025<\/time><\/a><\/small>            <\/span>\n\n\t\t\t                <hr>\n                <div class=\"entry-summary\">\n\t\t\t\t\t<p>The Marseilles health mediation project, CORHESAN, published a report on its actions between 2022 and 2024. Its very positive...<\/p>                <\/div><!-- .entry-summary -->\n\t\t\t        <\/div><!--end post-info-->\n\n    <\/article>\n<\/li>\n<li id=\"post-6521\" class=\"post-item col-sm-4 post-6521 post type-post status-publish format-standard has-post-thumbnail hentry category-resource\">\n    <article>\n\n\t\t<div class=\"post-image\"><a href=\"https:\/\/www.prospectivecooperation.org\/en\/cfi-impact-study-in-french-speaking-sub-saharan-africa\/\" class=\"element-wrap\"><img loading=\"lazy\" decoding=\"async\" width=\"480\" height=\"270\" src=\"https:\/\/www.prospectivecooperation.org\/wp-content\/uploads\/2025\/03\/Rapport-CFI-1-480x270.png\" class=\"attachment-kleo-post-gallery size-kleo-post-gallery wp-post-image\" alt=\"\" \/><span class=\"hover-element\"><i>+<\/i><\/span><\/a><\/div><!--end post-image-->\n        <div class=\"entry-content\">\n            <h4 class=\"post-title entry-title\"><a href=\"https:\/\/www.prospectivecooperation.org\/en\/cfi-impact-study-in-french-speaking-sub-saharan-africa\/\">CFI impact study in French-speaking sub-Saharan Africa<\/a><\/h4>\n\n            <span class=\"post-meta hidden hide\">\n                <small><a href=\"https:\/\/www.prospectivecooperation.org\/en\/cfi-impact-study-in-french-speaking-sub-saharan-africa\/\" rel=\"bookmark\" class=\"post-time\"><time class=\"entry-date\" datetime=\"2025-03-19T13:04:48+01:00\">19 March 2025<\/time><time class=\"modify-date hide hidden updated\" datetime=\"2025-03-19T13:08:18+01:00\">19 March 2025<\/time><\/a><\/small>            <\/span>\n\n\t\t\t                <hr>\n                <div class=\"entry-summary\">\n\t\t\t\t\t<p>Prospective and Cooperation\u00a0conducted an impact study of CFI support for community radio stations in French-speaking sub-Saharan Africa. The aim...<\/p>                <\/div><!-- .entry-summary -->\n\t\t\t        <\/div><!--end post-info-->\n\n    <\/article>\n<\/li>\n<li id=\"post-6369\" class=\"post-item col-sm-4 post-6369 post type-post status-publish format-standard has-post-thumbnail hentry category-resource\">\n    <article>\n\n\t\t<div class=\"post-image\"><a href=\"https:\/\/www.prospectivecooperation.org\/en\/humanitarian-in-north-kivu-drc\/\" class=\"element-wrap\"><img loading=\"lazy\" decoding=\"async\" width=\"480\" height=\"270\" src=\"https:\/\/www.prospectivecooperation.org\/wp-content\/uploads\/2024\/09\/0724_Evaluation-finale-PUI-NK_Synthese_Livrable-7_V2-HAUTE_DEF-1-480x270.png\" class=\"attachment-kleo-post-gallery size-kleo-post-gallery wp-post-image\" alt=\"\" \/><span class=\"hover-element\"><i>+<\/i><\/span><\/a><\/div><!--end post-image-->\n        <div class=\"entry-content\">\n            <h4 class=\"post-title entry-title\"><a href=\"https:\/\/www.prospectivecooperation.org\/en\/humanitarian-in-north-kivu-drc\/\">Humanitarian in North Kivu (DRC)<\/a><\/h4>\n\n            <span class=\"post-meta hidden hide\">\n                <small><a href=\"https:\/\/www.prospectivecooperation.org\/en\/humanitarian-in-north-kivu-drc\/\" rel=\"bookmark\" class=\"post-time\"><time class=\"entry-date\" datetime=\"2024-09-06T12:19:58+02:00\">6 September 2024<\/time><time class=\"modify-date hide hidden updated\" datetime=\"2024-09-06T12:21:40+02:00\">6 September 2024<\/time><\/a><\/small>            <\/span>\n\n\t\t\t                <hr>\n                <div class=\"entry-summary\">\n\t\t\t\t\t<p> During the months of June and July 2024, Prospective and Cooperation carried out the evaluation of the integrated...<\/p>                <\/div><!-- .entry-summary -->\n\t\t\t        <\/div><!--end post-info-->\n\n    <\/article>\n<\/li>\n<li id=\"post-6223\" class=\"post-item col-sm-4 post-6223 post type-post status-publish format-standard has-post-thumbnail hentry category-resource\">\n    <article>\n\n\t\t<div class=\"post-image\"><a href=\"https:\/\/www.prospectivecooperation.org\/en\/sexual-health-and-empowerment-of-migrant-women-sex-workers-frontiers-ph\/\" class=\"element-wrap\"><img loading=\"lazy\" decoding=\"async\" width=\"480\" height=\"270\" src=\"https:\/\/www.prospectivecooperation.org\/wp-content\/uploads\/2024\/05\/Frontiers-PH-480x270.png\" class=\"attachment-kleo-post-gallery size-kleo-post-gallery wp-post-image\" alt=\"\" \/><span class=\"hover-element\"><i>+<\/i><\/span><\/a><\/div><!--end post-image-->\n        <div class=\"entry-content\">\n            <h4 class=\"post-title entry-title\"><a href=\"https:\/\/www.prospectivecooperation.org\/en\/sexual-health-and-empowerment-of-migrant-women-sex-workers-frontiers-ph\/\">&#8220;Sexual health and empowerment of migrant women sex workers&#8221; (Frontiers PH)<\/a><\/h4>\n\n            <span class=\"post-meta hidden hide\">\n                <small><a href=\"https:\/\/www.prospectivecooperation.org\/en\/sexual-health-and-empowerment-of-migrant-women-sex-workers-frontiers-ph\/\" rel=\"bookmark\" class=\"post-time\"><time class=\"entry-date\" datetime=\"2024-05-03T12:11:27+02:00\">3 May 2024<\/time><time class=\"modify-date hide hidden updated\" datetime=\"2024-05-03T12:12:48+02:00\">3 May 2024<\/time><\/a><\/small>            <\/span>\n\n\t\t\t                <hr>\n                <div class=\"entry-summary\">\n\t\t\t\t\t<p>As part of the FASSETS project, the team led by Dr Emilie Mosnier publishes an article in the journal...<\/p>                <\/div><!-- .entry-summary -->\n\t\t\t        <\/div><!--end post-info-->\n\n    <\/article>\n<\/li>\n<li id=\"post-6212\" class=\"post-item col-sm-4 post-6212 post type-post status-publish format-standard has-post-thumbnail hentry category-resource\">\n    <article>\n\n\t\t<div class=\"post-image\"><a href=\"https:\/\/www.prospectivecooperation.org\/en\/spatiotemporal-dynamics-of-cholera-in-ethiopia-2015-2021-sci-rep\/\" class=\"element-wrap\"><img loading=\"lazy\" decoding=\"async\" width=\"480\" height=\"270\" src=\"https:\/\/www.prospectivecooperation.org\/wp-content\/uploads\/2024\/04\/ScienRep2-480x270.png\" class=\"attachment-kleo-post-gallery size-kleo-post-gallery wp-post-image\" alt=\"\" \/><span class=\"hover-element\"><i>+<\/i><\/span><\/a><\/div><!--end post-image-->\n        <div class=\"entry-content\">\n            <h4 class=\"post-title entry-title\"><a href=\"https:\/\/www.prospectivecooperation.org\/en\/spatiotemporal-dynamics-of-cholera-in-ethiopia-2015-2021-sci-rep\/\">&#8220;Spatiotemporal dynamics of cholera in Ethiopia: 2015\u20132021&#8221; (Sci Rep)<\/a><\/h4>\n\n            <span class=\"post-meta hidden hide\">\n                <small><a href=\"https:\/\/www.prospectivecooperation.org\/en\/spatiotemporal-dynamics-of-cholera-in-ethiopia-2015-2021-sci-rep\/\" rel=\"bookmark\" class=\"post-time\"><time class=\"entry-date\" datetime=\"2024-04-30T16:26:26+02:00\">30 April 2024<\/time><time class=\"modify-date hide hidden updated\" datetime=\"2025-08-28T15:52:16+02:00\">28 August 2025<\/time><\/a><\/small>            <\/span>\n\n\t\t\t                <hr>\n                <div class=\"entry-summary\">\n\t\t\t\t\t<p>As part of\u00a0studies carried out on behalf of UNICEF, and attached to the\u00a0incubator of ideas in the fight against...<\/p>                <\/div><!-- .entry-summary -->\n\t\t\t        <\/div><!--end post-info-->\n\n    <\/article>\n<\/li>\n<li id=\"post-6192\" class=\"post-item col-sm-4 post-6192 post type-post status-publish format-standard has-post-thumbnail hentry category-resource\">\n    <article>\n\n\t\t<div class=\"post-image\"><a href=\"https:\/\/www.prospectivecooperation.org\/en\/epidemiological-study-on-cholera-in-ethiopia-scientific-reports\/\" class=\"element-wrap\"><img loading=\"lazy\" decoding=\"async\" width=\"480\" height=\"270\" src=\"https:\/\/www.prospectivecooperation.org\/wp-content\/uploads\/2024\/04\/ScienRep1-480x270.png\" class=\"attachment-kleo-post-gallery size-kleo-post-gallery wp-post-image\" alt=\"\" \/><span class=\"hover-element\"><i>+<\/i><\/span><\/a><\/div><!--end post-image-->\n        <div class=\"entry-content\">\n            <h4 class=\"post-title entry-title\"><a href=\"https:\/\/www.prospectivecooperation.org\/en\/epidemiological-study-on-cholera-in-ethiopia-scientific-reports\/\">&#8220;Classify cholera hotspots in Ethiopia from 2015 to 2021&#8221; (Scientific Reports)<\/a><\/h4>\n\n            <span class=\"post-meta hidden hide\">\n                <small><a href=\"https:\/\/www.prospectivecooperation.org\/en\/epidemiological-study-on-cholera-in-ethiopia-scientific-reports\/\" rel=\"bookmark\" class=\"post-time\"><time class=\"entry-date\" datetime=\"2024-04-30T16:02:55+02:00\">30 April 2024<\/time><time class=\"modify-date hide hidden updated\" datetime=\"2024-04-30T16:19:32+02:00\">30 April 2024<\/time><\/a><\/small>            <\/span>\n\n\t\t\t                <hr>\n                <div class=\"entry-summary\">\n\t\t\t\t\t<p>As part of studies carried out on behalf of UNICEF, and attached to the incubator of ideas in the...<\/p>                <\/div><!-- .entry-summary -->\n\t\t\t        <\/div><!--end post-info-->\n\n    <\/article>\n<\/li>\n<li id=\"post-5867\" class=\"post-item col-sm-4 post-5867 post type-post status-publish format-standard has-post-thumbnail hentry category-resource\">\n    <article>\n\n\t\t<div class=\"post-image\"><a href=\"https:\/\/www.prospectivecooperation.org\/en\/a-guide-for-epl-local-public-enterprises\/\" class=\"element-wrap\"><img loading=\"lazy\" decoding=\"async\" width=\"480\" height=\"270\" src=\"https:\/\/www.prospectivecooperation.org\/wp-content\/uploads\/2023\/11\/Guide-EPL-480x270.png\" class=\"attachment-kleo-post-gallery size-kleo-post-gallery wp-post-image\" alt=\"\" \/><span class=\"hover-element\"><i>+<\/i><\/span><\/a><\/div><!--end post-image-->\n        <div class=\"entry-content\">\n            <h4 class=\"post-title entry-title\"><a href=\"https:\/\/www.prospectivecooperation.org\/en\/a-guide-for-epl-local-public-enterprises\/\">A Guide for EPL (Local Public Enterprises)<\/a><\/h4>\n\n            <span class=\"post-meta hidden hide\">\n                <small><a href=\"https:\/\/www.prospectivecooperation.org\/en\/a-guide-for-epl-local-public-enterprises\/\" rel=\"bookmark\" class=\"post-time\"><time class=\"entry-date\" datetime=\"2023-11-08T15:32:48+01:00\">8 November 2023<\/time><time class=\"modify-date hide hidden updated\" datetime=\"2023-11-20T15:31:14+01:00\">20 November 2023<\/time><\/a><\/small>            <\/span>\n\n\t\t\t                <hr>\n                <div class=\"entry-summary\">\n\t\t\t\t\t<p>Prospective and Cooperation has supported the Federation of EPLs&#8217; elected officials and its partners, AFD and Caisse des D\u00e9p\u00f4ts,...<\/p>                <\/div><!-- .entry-summary -->\n\t\t\t        <\/div><!--end post-info-->\n\n    <\/article>\n<\/li>\n<li id=\"post-5646\" class=\"post-item col-sm-4 post-5646 post type-post status-publish format-standard has-post-thumbnail hentry category-resource\">\n    <article>\n\n\t\t<div class=\"post-image\"><a href=\"https:\/\/www.prospectivecooperation.org\/en\/materials-recycling-and-recovering-in-hanoi\/\" class=\"element-wrap\"><img loading=\"lazy\" decoding=\"async\" width=\"480\" height=\"253\" src=\"https:\/\/www.prospectivecooperation.org\/wp-content\/uploads\/2023\/05\/Tri-dechets-Hanoi-480x253.png\" class=\"attachment-kleo-post-gallery size-kleo-post-gallery wp-post-image\" alt=\"\" \/><span class=\"hover-element\"><i>+<\/i><\/span><\/a><\/div><!--end post-image-->\n        <div class=\"entry-content\">\n            <h4 class=\"post-title entry-title\"><a href=\"https:\/\/www.prospectivecooperation.org\/en\/materials-recycling-and-recovering-in-hanoi\/\">Materials recycling and recovering in Hanoi<\/a><\/h4>\n\n            <span class=\"post-meta hidden hide\">\n                <small><a href=\"https:\/\/www.prospectivecooperation.org\/en\/materials-recycling-and-recovering-in-hanoi\/\" rel=\"bookmark\" class=\"post-time\"><time class=\"entry-date\" datetime=\"2023-05-23T11:38:10+02:00\">23 May 2023<\/time><time class=\"modify-date hide hidden updated\" datetime=\"2023-05-25T16:17:57+02:00\">25 May 2023<\/time><\/a><\/small>            <\/span>\n\n\t\t\t                <hr>\n                <div class=\"entry-summary\">\n\t\t\t\t\t<p>The incubator of\u00a0innovative research on urban ecology, conducted by Marie Lan Nguyen Leroy, resulted in an article entitled \u201cMaterials...<\/p>                <\/div><!-- .entry-summary -->\n\t\t\t        <\/div><!--end post-info-->\n\n    <\/article>\n<\/li>\n<li id=\"post-5569\" class=\"post-item col-sm-4 post-5569 post type-post status-publish format-standard has-post-thumbnail hentry category-resource\">\n    <article>\n\n\t\t<div class=\"post-image\"><a href=\"https:\/\/www.prospectivecooperation.org\/en\/health-of-migrant-sex-workers\/\" class=\"element-wrap\"><img loading=\"lazy\" decoding=\"async\" width=\"480\" height=\"270\" src=\"https:\/\/www.prospectivecooperation.org\/wp-content\/uploads\/2023\/03\/FASSETS-ws-480x270.png\" class=\"attachment-kleo-post-gallery size-kleo-post-gallery wp-post-image\" alt=\"\" \/><span class=\"hover-element\"><i>+<\/i><\/span><\/a><\/div><!--end post-image-->\n        <div class=\"entry-content\">\n            <h4 class=\"post-title entry-title\"><a href=\"https:\/\/www.prospectivecooperation.org\/en\/health-of-migrant-sex-workers\/\">Health of Migrant Sex Workers<\/a><\/h4>\n\n            <span class=\"post-meta hidden hide\">\n                <small><a href=\"https:\/\/www.prospectivecooperation.org\/en\/health-of-migrant-sex-workers\/\" rel=\"bookmark\" class=\"post-time\"><time class=\"entry-date\" datetime=\"2023-03-16T16:41:06+01:00\">16 March 2023<\/time><time class=\"modify-date hide hidden updated\" datetime=\"2023-03-16T16:41:51+01:00\">16 March 2023<\/time><\/a><\/small>            <\/span>\n\n\t\t\t                <hr>\n                <div class=\"entry-summary\">\n\t\t\t\t\t<p>The FASSETS project (Promoting access to sexual health among female migrant sex workers) reports its workshop that took place...<\/p>                <\/div><!-- .entry-summary -->\n\t\t\t        <\/div><!--end post-info-->\n\n    <\/article>\n<\/li>\n<li id=\"post-5544\" class=\"post-item col-sm-4 post-5544 post type-post status-publish format-standard has-post-thumbnail hentry category-resource tag-covidep-en\">\n    <article>\n\n\t\t<div class=\"post-image\"><a href=\"https:\/\/www.prospectivecooperation.org\/en\/prevac-dans-bmj-open\/\" class=\"element-wrap\"><img loading=\"lazy\" decoding=\"async\" width=\"480\" height=\"270\" src=\"https:\/\/www.prospectivecooperation.org\/wp-content\/uploads\/2023\/03\/BMJ-Open-480x270.png\" class=\"attachment-kleo-post-gallery size-kleo-post-gallery wp-post-image\" alt=\"\" \/><span class=\"hover-element\"><i>+<\/i><\/span><\/a><\/div><!--end post-image-->\n        <div class=\"entry-content\">\n            <h4 class=\"post-title entry-title\"><a href=\"https:\/\/www.prospectivecooperation.org\/en\/prevac-dans-bmj-open\/\">PREVAC dans BMJ Open<\/a><\/h4>\n\n            <span class=\"post-meta hidden hide\">\n                <small><a href=\"https:\/\/www.prospectivecooperation.org\/en\/prevac-dans-bmj-open\/\" rel=\"bookmark\" class=\"post-time\"><time class=\"entry-date\" datetime=\"2023-03-09T16:09:43+01:00\">9 March 2023<\/time><time class=\"modify-date hide hidden updated\" datetime=\"2023-03-09T16:11:06+01:00\">9 March 2023<\/time><\/a><\/small>            <\/span>\n\n\t\t\t                <hr>\n                <div class=\"entry-summary\">\n\t\t\t\t\t<p>Within the framework of the\u00a0PREVAC study, following the epidemiological study\u00a0COVIDep-Homeless,\u00a0was published the paper: \u201cCumulative incidence of SARS-CoV-2 infection within...<\/p>                <\/div><!-- .entry-summary -->\n\t\t\t        <\/div><!--end post-info-->\n\n    <\/article>\n<\/li>\n<li id=\"post-5526\" class=\"post-item col-sm-4 post-5526 post type-post status-publish format-standard has-post-thumbnail hentry category-resource tag-covidep-en\">\n    <article>\n\n\t\t<div class=\"post-image\"><a href=\"https:\/\/www.prospectivecooperation.org\/en\/prevac-in-communications-medicine\/\" class=\"element-wrap\"><img loading=\"lazy\" decoding=\"async\" width=\"480\" height=\"270\" src=\"https:\/\/www.prospectivecooperation.org\/wp-content\/uploads\/2023\/03\/CommunMed-Covid-1-480x270.png\" class=\"attachment-kleo-post-gallery size-kleo-post-gallery wp-post-image\" alt=\"\" \/><span class=\"hover-element\"><i>+<\/i><\/span><\/a><\/div><!--end post-image-->\n        <div class=\"entry-content\">\n            <h4 class=\"post-title entry-title\"><a href=\"https:\/\/www.prospectivecooperation.org\/en\/prevac-in-communications-medicine\/\">PREVAC in Communications Medicine<\/a><\/h4>\n\n            <span class=\"post-meta hidden hide\">\n                <small><a href=\"https:\/\/www.prospectivecooperation.org\/en\/prevac-in-communications-medicine\/\" rel=\"bookmark\" class=\"post-time\"><time class=\"entry-date\" datetime=\"2023-03-09T15:51:58+01:00\">9 March 2023<\/time><time class=\"modify-date hide hidden updated\" datetime=\"2023-03-09T15:58:10+01:00\">9 March 2023<\/time><\/a><\/small>            <\/span>\n\n\t\t\t                <hr>\n                <div class=\"entry-summary\">\n\t\t\t\t\t<p>Within the framework of the PREVAC study, following the epidemiological study COVIDep-Homeless, was published the paper: &#8220;Estimating COVID-19 vaccine...<\/p>                <\/div><!-- .entry-summary -->\n\t\t\t        <\/div><!--end post-info-->\n\n    <\/article>\n<\/li>\n<li id=\"post-5506\" class=\"post-item col-sm-4 post-5506 post type-post status-publish format-standard has-post-thumbnail hentry category-resource\">\n    <article>\n\n\t\t<div class=\"post-image\"><a href=\"https:\/\/www.prospectivecooperation.org\/en\/jarid-show-n-e-f-t-i-el-warcha-collectif-etc-acces-culture\/\" class=\"element-wrap\"><img loading=\"lazy\" decoding=\"async\" width=\"480\" height=\"270\" src=\"https:\/\/www.prospectivecooperation.org\/wp-content\/uploads\/2023\/03\/NEFTI-480x270.png\" class=\"attachment-kleo-post-gallery size-kleo-post-gallery wp-post-image\" alt=\"\" \/><span class=\"hover-element\"><i>+<\/i><\/span><\/a><\/div><!--end post-image-->\n        <div class=\"entry-content\">\n            <h4 class=\"post-title entry-title\"><a href=\"https:\/\/www.prospectivecooperation.org\/en\/jarid-show-n-e-f-t-i-el-warcha-collectif-etc-acces-culture\/\">Jarid show (N.E.F.T.I. \/ Acc\u00e8s Culture)<\/a><\/h4>\n\n            <span class=\"post-meta hidden hide\">\n                <small><a href=\"https:\/\/www.prospectivecooperation.org\/en\/jarid-show-n-e-f-t-i-el-warcha-collectif-etc-acces-culture\/\" rel=\"bookmark\" class=\"post-time\"><time class=\"entry-date\" datetime=\"2023-03-09T15:23:39+01:00\">9 March 2023<\/time><time class=\"modify-date hide hidden updated\" datetime=\"2024-06-24T17:23:51+02:00\">24 June 2024<\/time><\/a><\/small>            <\/span>\n\n\t\t\t                <hr>\n                <div class=\"entry-summary\">\n\t\t\t\t\t<p>As part of the research-action project on measuring the impact of cultural projects in Africa and the Indian Ocean...<\/p>                <\/div><!-- .entry-summary -->\n\t\t\t        <\/div><!--end post-info-->\n\n    <\/article>\n<\/li>\n<li id=\"post-5423\" class=\"post-item col-sm-4 post-5423 post type-post status-publish format-standard has-post-thumbnail hentry category-resource\">\n    <article>\n\n\t\t<div class=\"post-image\"><a href=\"https:\/\/www.prospectivecooperation.org\/en\/evaluation-of-the-womens-leadership-school\/\" class=\"element-wrap\"><img loading=\"lazy\" decoding=\"async\" width=\"480\" height=\"270\" src=\"https:\/\/www.prospectivecooperation.org\/wp-content\/uploads\/2022\/12\/Max-Havelaard-480x270.png\" class=\"attachment-kleo-post-gallery size-kleo-post-gallery wp-post-image\" alt=\"\" \/><span class=\"hover-element\"><i>+<\/i><\/span><\/a><\/div><!--end post-image-->\n        <div class=\"entry-content\">\n            <h4 class=\"post-title entry-title\"><a href=\"https:\/\/www.prospectivecooperation.org\/en\/evaluation-of-the-womens-leadership-school\/\">Evaluation of the Women&#8217;s Leadership School<\/a><\/h4>\n\n            <span class=\"post-meta hidden hide\">\n                <small><a href=\"https:\/\/www.prospectivecooperation.org\/en\/evaluation-of-the-womens-leadership-school\/\" rel=\"bookmark\" class=\"post-time\"><time class=\"entry-date\" datetime=\"2022-12-09T12:24:12+01:00\">9 December 2022<\/time><time class=\"modify-date hide hidden updated\" datetime=\"2022-12-09T12:31:35+01:00\">9 December 2022<\/time><\/a><\/small>            <\/span>\n\n\t\t\t                <hr>\n                <div class=\"entry-summary\">\n\t\t\t\t\t<p>The final evaluation report on the impact of the Women&#8217;s Leadership School programme carried by Fairtrade Africa, produced by...<\/p>                <\/div><!-- .entry-summary -->\n\t\t\t        <\/div><!--end post-info-->\n\n    <\/article>\n<\/li>\n<li id=\"post-5345\" class=\"post-item col-sm-4 post-5345 post type-post status-publish format-standard has-post-thumbnail hentry category-resource\">\n    <article>\n\n\t\t<div class=\"post-image\"><a href=\"https:\/\/www.prospectivecooperation.org\/en\/vsi-evaluation-report\/\" class=\"element-wrap\"><img loading=\"lazy\" decoding=\"async\" width=\"480\" height=\"270\" src=\"https:\/\/www.prospectivecooperation.org\/wp-content\/uploads\/2022\/11\/Rapport-VSI-480x270.png\" class=\"attachment-kleo-post-gallery size-kleo-post-gallery wp-post-image\" alt=\"\" \/><span class=\"hover-element\"><i>+<\/i><\/span><\/a><\/div><!--end post-image-->\n        <div class=\"entry-content\">\n            <h4 class=\"post-title entry-title\"><a href=\"https:\/\/www.prospectivecooperation.org\/en\/vsi-evaluation-report\/\">VSI scheme evaluation report<\/a><\/h4>\n\n            <span class=\"post-meta hidden hide\">\n                <small><a href=\"https:\/\/www.prospectivecooperation.org\/en\/vsi-evaluation-report\/\" rel=\"bookmark\" class=\"post-time\"><time class=\"entry-date\" datetime=\"2022-11-18T14:09:11+01:00\">18 November 2022<\/time><time class=\"modify-date hide hidden updated\" datetime=\"2022-11-18T14:10:45+01:00\">18 November 2022<\/time><\/a><\/small>            <\/span>\n\n\t\t\t                <hr>\n                <div class=\"entry-summary\">\n\t\t\t\t\t<p>The evaluation report of the international solidarity volunteering (VSI)\u00a0scheme\u00a0that Prospective and Cooperation produced for France Volontaires is online. &#8220;In...<\/p>                <\/div><!-- .entry-summary -->\n\t\t\t        <\/div><!--end post-info-->\n\n    <\/article>\n<\/li>\n<li id=\"post-5344\" class=\"post-item col-sm-4 post-5344 post type-post status-publish format-standard has-post-thumbnail hentry category-resource tag-corhesan-en\">\n    <article>\n\n\t\t<div class=\"post-image\"><a href=\"https:\/\/www.prospectivecooperation.org\/en\/public-health-france-communicates-on-corhesan\/\" class=\"element-wrap\"><img loading=\"lazy\" decoding=\"async\" width=\"480\" height=\"270\" src=\"https:\/\/www.prospectivecooperation.org\/wp-content\/uploads\/2022\/11\/MobCo-Corhesan-480x270.png\" class=\"attachment-kleo-post-gallery size-kleo-post-gallery wp-post-image\" alt=\"\" \/><span class=\"hover-element\"><i>+<\/i><\/span><\/a><\/div><!--end post-image-->\n        <div class=\"entry-content\">\n            <h4 class=\"post-title entry-title\"><a href=\"https:\/\/www.prospectivecooperation.org\/en\/public-health-france-communicates-on-corhesan\/\">&#8216;Public Health France&#8217; communicates on Corhesan<\/a><\/h4>\n\n            <span class=\"post-meta hidden hide\">\n                <small><a href=\"https:\/\/www.prospectivecooperation.org\/en\/public-health-france-communicates-on-corhesan\/\" rel=\"bookmark\" class=\"post-time\"><time class=\"entry-date\" datetime=\"2022-11-18T14:05:05+01:00\">18 November 2022<\/time><time class=\"modify-date hide hidden updated\" datetime=\"2022-11-18T14:11:41+01:00\">18 November 2022<\/time><\/a><\/small>            <\/span>\n\n\t\t\t                <hr>\n                <div class=\"entry-summary\">\n\t\t\t\t\t<p>&#8216;Public Health France&#8217; publishes a focus on the Corhesan project in its MocCo newsletter, a communication for people in...<\/p>                <\/div><!-- .entry-summary -->\n\t\t\t        <\/div><!--end post-info-->\n\n    <\/article>\n<\/li>\n<li id=\"post-4897\" class=\"post-item col-sm-4 post-4897 post type-post status-publish format-standard has-post-thumbnail hentry category-resource\">\n    <article>\n\n\t\t<div class=\"post-image\"><a href=\"https:\/\/www.prospectivecooperation.org\/en\/prep-ou-pas-pretes-fassets-afravih-2022\/\" class=\"element-wrap\"><img loading=\"lazy\" decoding=\"async\" width=\"480\" height=\"253\" src=\"https:\/\/www.prospectivecooperation.org\/wp-content\/uploads\/2022\/04\/Poster_AFRAVIH_VF_04-04-2022.png\" class=\"attachment-kleo-post-gallery size-kleo-post-gallery wp-post-image\" alt=\"\" srcset=\"https:\/\/www.prospectivecooperation.org\/wp-content\/uploads\/2022\/04\/Poster_AFRAVIH_VF_04-04-2022.png 854w, https:\/\/www.prospectivecooperation.org\/wp-content\/uploads\/2022\/04\/Poster_AFRAVIH_VF_04-04-2022-300x158.png 300w, https:\/\/www.prospectivecooperation.org\/wp-content\/uploads\/2022\/04\/Poster_AFRAVIH_VF_04-04-2022-768x405.png 768w, https:\/\/www.prospectivecooperation.org\/wp-content\/uploads\/2022\/04\/Poster_AFRAVIH_VF_04-04-2022-600x316.png 600w, https:\/\/www.prospectivecooperation.org\/wp-content\/uploads\/2022\/04\/Poster_AFRAVIH_VF_04-04-2022-672x354.png 672w\" sizes=\"auto, (max-width: 480px) 100vw, 480px\" \/><span class=\"hover-element\"><i>+<\/i><\/span><\/a><\/div><!--end post-image-->\n        <div class=\"entry-content\">\n            <h4 class=\"post-title entry-title\"><a href=\"https:\/\/www.prospectivecooperation.org\/en\/prep-ou-pas-pretes-fassets-afravih-2022\/\">PrEP or \u00ab pas pr\u00eates \u00bb (not ready) ? (FASSETS, AFRAVIH 2022)<\/a><\/h4>\n\n            <span class=\"post-meta hidden hide\">\n                <small><a href=\"https:\/\/www.prospectivecooperation.org\/en\/prep-ou-pas-pretes-fassets-afravih-2022\/\" rel=\"bookmark\" class=\"post-time\"><time class=\"entry-date\" datetime=\"2022-04-12T13:56:44+02:00\">12 April 2022<\/time><time class=\"modify-date hide hidden updated\" datetime=\"2022-12-09T11:36:12+01:00\">9 December 2022<\/time><\/a><\/small>            <\/span>\n\n\t\t\t                <hr>\n                <div class=\"entry-summary\">\n\t\t\t\t\t<p>\u201cPrEP or &#8220;pas pr\u00eates&#8221; (not ready)? Institutional reluctance and redefining the contours of an \u201cat risk\u201d group: PrEP and...<\/p>                <\/div><!-- .entry-summary -->\n\t\t\t        <\/div><!--end post-info-->\n\n    <\/article>\n<\/li>\n<li id=\"post-4839\" class=\"post-item col-sm-4 post-4839 post type-post status-publish format-standard has-post-thumbnail hentry category-resource tag-covidep-en\">\n    <article>\n\n\t\t<div class=\"post-image\"><a href=\"https:\/\/www.prospectivecooperation.org\/en\/covidep-homeless-in-ijerph\/\" class=\"element-wrap\"><img loading=\"lazy\" decoding=\"async\" width=\"480\" height=\"240\" src=\"https:\/\/www.prospectivecooperation.org\/wp-content\/uploads\/2022\/04\/Int-J-Environ.png\" class=\"attachment-kleo-post-gallery size-kleo-post-gallery wp-post-image\" alt=\"\" srcset=\"https:\/\/www.prospectivecooperation.org\/wp-content\/uploads\/2022\/04\/Int-J-Environ.png 1000w, https:\/\/www.prospectivecooperation.org\/wp-content\/uploads\/2022\/04\/Int-J-Environ-300x150.png 300w, https:\/\/www.prospectivecooperation.org\/wp-content\/uploads\/2022\/04\/Int-J-Environ-768x384.png 768w, https:\/\/www.prospectivecooperation.org\/wp-content\/uploads\/2022\/04\/Int-J-Environ-600x300.png 600w, https:\/\/www.prospectivecooperation.org\/wp-content\/uploads\/2022\/04\/Int-J-Environ-672x336.png 672w\" sizes=\"auto, (max-width: 480px) 100vw, 480px\" \/><span class=\"hover-element\"><i>+<\/i><\/span><\/a><\/div><!--end post-image-->\n        <div class=\"entry-content\">\n            <h4 class=\"post-title entry-title\"><a href=\"https:\/\/www.prospectivecooperation.org\/en\/covidep-homeless-in-ijerph\/\">Covidep Homeless in IJERPH<\/a><\/h4>\n\n            <span class=\"post-meta hidden hide\">\n                <small><a href=\"https:\/\/www.prospectivecooperation.org\/en\/covidep-homeless-in-ijerph\/\" rel=\"bookmark\" class=\"post-time\"><time class=\"entry-date\" datetime=\"2022-04-05T12:07:15+02:00\">5 April 2022<\/time><time class=\"modify-date hide hidden updated\" datetime=\"2022-04-05T12:09:17+02:00\">5 April 2022<\/time><\/a><\/small>            <\/span>\n\n\t\t\t                <hr>\n                <div class=\"entry-summary\">\n\t\t\t\t\t<p>The Covidep Homeless project team published an article in the International Journal of Environmental Research and Public Health: \u201cResidential...<\/p>                <\/div><!-- .entry-summary -->\n\t\t\t        <\/div><!--end post-info-->\n\n    <\/article>\n<\/li>\n<li id=\"post-4841\" class=\"post-item col-sm-4 post-4841 post type-post status-publish format-standard has-post-thumbnail hentry category-resource tag-covidep-en\">\n    <article>\n\n\t\t<div class=\"post-image\"><a href=\"https:\/\/www.prospectivecooperation.org\/en\/covidep-homeless-in-plos-one\/\" class=\"element-wrap\"><img loading=\"lazy\" decoding=\"async\" width=\"480\" height=\"240\" src=\"https:\/\/www.prospectivecooperation.org\/wp-content\/uploads\/2022\/04\/Plos-One-3.png\" class=\"attachment-kleo-post-gallery size-kleo-post-gallery wp-post-image\" alt=\"\" srcset=\"https:\/\/www.prospectivecooperation.org\/wp-content\/uploads\/2022\/04\/Plos-One-3.png 1000w, https:\/\/www.prospectivecooperation.org\/wp-content\/uploads\/2022\/04\/Plos-One-3-300x150.png 300w, https:\/\/www.prospectivecooperation.org\/wp-content\/uploads\/2022\/04\/Plos-One-3-768x384.png 768w, https:\/\/www.prospectivecooperation.org\/wp-content\/uploads\/2022\/04\/Plos-One-3-600x300.png 600w, https:\/\/www.prospectivecooperation.org\/wp-content\/uploads\/2022\/04\/Plos-One-3-672x336.png 672w, https:\/\/www.prospectivecooperation.org\/wp-content\/uploads\/2022\/04\/Plos-One-3-480x240.png 480w\" sizes=\"auto, (max-width: 480px) 100vw, 480px\" \/><span class=\"hover-element\"><i>+<\/i><\/span><\/a><\/div><!--end post-image-->\n        <div class=\"entry-content\">\n            <h4 class=\"post-title entry-title\"><a href=\"https:\/\/www.prospectivecooperation.org\/en\/covidep-homeless-in-plos-one\/\">Covidep Homeless in PLoS One<\/a><\/h4>\n\n            <span class=\"post-meta hidden hide\">\n                <small><a href=\"https:\/\/www.prospectivecooperation.org\/en\/covidep-homeless-in-plos-one\/\" rel=\"bookmark\" class=\"post-time\"><time class=\"entry-date\" datetime=\"2022-04-05T12:06:20+02:00\">5 April 2022<\/time><time class=\"modify-date hide hidden updated\" datetime=\"2022-04-05T12:09:28+02:00\">5 April 2022<\/time><\/a><\/small>            <\/span>\n\n\t\t\t                <hr>\n                <div class=\"entry-summary\">\n\t\t\t\t\t<p>The Covidep Homeless project team published an article in the journal PLoS One: \u201cSeroprevalence of SARS-CoV-2 antibodies among homeless...<\/p>                <\/div><!-- .entry-summary -->\n\t\t\t        <\/div><!--end post-info-->\n\n    <\/article>\n<\/li>\n<li id=\"post-4843\" class=\"post-item col-sm-4 post-4843 post type-post status-publish format-standard has-post-thumbnail hentry category-resource tag-covidep-en\">\n    <article>\n\n\t\t<div class=\"post-image\"><a href=\"https:\/\/www.prospectivecooperation.org\/en\/covidep-homeless-in-public-health-in-practice\/\" class=\"element-wrap\"><img loading=\"lazy\" decoding=\"async\" width=\"480\" height=\"240\" src=\"https:\/\/www.prospectivecooperation.org\/wp-content\/uploads\/2022\/04\/SSM-Population-health-2.png\" class=\"attachment-kleo-post-gallery size-kleo-post-gallery wp-post-image\" alt=\"\" srcset=\"https:\/\/www.prospectivecooperation.org\/wp-content\/uploads\/2022\/04\/SSM-Population-health-2.png 1000w, https:\/\/www.prospectivecooperation.org\/wp-content\/uploads\/2022\/04\/SSM-Population-health-2-300x150.png 300w, https:\/\/www.prospectivecooperation.org\/wp-content\/uploads\/2022\/04\/SSM-Population-health-2-768x384.png 768w, https:\/\/www.prospectivecooperation.org\/wp-content\/uploads\/2022\/04\/SSM-Population-health-2-600x300.png 600w, https:\/\/www.prospectivecooperation.org\/wp-content\/uploads\/2022\/04\/SSM-Population-health-2-672x336.png 672w\" sizes=\"auto, (max-width: 480px) 100vw, 480px\" \/><span class=\"hover-element\"><i>+<\/i><\/span><\/a><\/div><!--end post-image-->\n        <div class=\"entry-content\">\n            <h4 class=\"post-title entry-title\"><a href=\"https:\/\/www.prospectivecooperation.org\/en\/covidep-homeless-in-public-health-in-practice\/\">Covidep Homeless in Public Health in Practice<\/a><\/h4>\n\n            <span class=\"post-meta hidden hide\">\n                <small><a href=\"https:\/\/www.prospectivecooperation.org\/en\/covidep-homeless-in-public-health-in-practice\/\" rel=\"bookmark\" class=\"post-time\"><time class=\"entry-date\" datetime=\"2022-04-05T12:05:17+02:00\">5 April 2022<\/time><time class=\"modify-date hide hidden updated\" datetime=\"2022-04-05T12:22:06+02:00\">5 April 2022<\/time><\/a><\/small>            <\/span>\n\n\t\t\t                <hr>\n                <div class=\"entry-summary\">\n\t\t\t\t\t<p>The Covidep Homeless project team published an article in the International Journal of Environmental Research and Public Health: \u201cSARS-CoV-2...<\/p>                <\/div><!-- .entry-summary -->\n\t\t\t        <\/div><!--end post-info-->\n\n    <\/article>\n<\/li>\n<li id=\"post-4846\" class=\"post-item col-sm-4 post-4846 post type-post status-publish format-standard has-post-thumbnail hentry category-resource tag-covidep-en\">\n    <article>\n\n\t\t<div class=\"post-image\"><a href=\"https:\/\/www.prospectivecooperation.org\/en\/covidep-homeless-in-ssm-population-health\/\" class=\"element-wrap\"><img loading=\"lazy\" decoding=\"async\" width=\"480\" height=\"240\" src=\"https:\/\/www.prospectivecooperation.org\/wp-content\/uploads\/2022\/04\/SSM-Population-health-1.png\" class=\"attachment-kleo-post-gallery size-kleo-post-gallery wp-post-image\" alt=\"\" srcset=\"https:\/\/www.prospectivecooperation.org\/wp-content\/uploads\/2022\/04\/SSM-Population-health-1.png 1000w, https:\/\/www.prospectivecooperation.org\/wp-content\/uploads\/2022\/04\/SSM-Population-health-1-300x150.png 300w, https:\/\/www.prospectivecooperation.org\/wp-content\/uploads\/2022\/04\/SSM-Population-health-1-768x384.png 768w, https:\/\/www.prospectivecooperation.org\/wp-content\/uploads\/2022\/04\/SSM-Population-health-1-600x300.png 600w, https:\/\/www.prospectivecooperation.org\/wp-content\/uploads\/2022\/04\/SSM-Population-health-1-672x336.png 672w, https:\/\/www.prospectivecooperation.org\/wp-content\/uploads\/2022\/04\/SSM-Population-health-1-480x240.png 480w\" sizes=\"auto, (max-width: 480px) 100vw, 480px\" \/><span class=\"hover-element\"><i>+<\/i><\/span><\/a><\/div><!--end post-image-->\n        <div class=\"entry-content\">\n            <h4 class=\"post-title entry-title\"><a href=\"https:\/\/www.prospectivecooperation.org\/en\/covidep-homeless-in-ssm-population-health\/\">Covidep Homeless in SSM &#8211; Population Health<\/a><\/h4>\n\n            <span class=\"post-meta hidden hide\">\n                <small><a href=\"https:\/\/www.prospectivecooperation.org\/en\/covidep-homeless-in-ssm-population-health\/\" rel=\"bookmark\" class=\"post-time\"><time class=\"entry-date\" datetime=\"2022-04-05T12:04:04+02:00\">5 April 2022<\/time><time class=\"modify-date hide hidden updated\" datetime=\"2022-04-05T12:27:00+02:00\">5 April 2022<\/time><\/a><\/small>            <\/span>\n\n\t\t\t                <hr>\n                <div class=\"entry-summary\">\n\t\t\t\t\t<p>The Covidep Homeless project team published an article in the journal SSM &#8211; Population Health: \u201c&#8220;Locked down outside&#8221;: Perception...<\/p>                <\/div><!-- .entry-summary -->\n\t\t\t        <\/div><!--end post-info-->\n\n    <\/article>\n<\/li>\n<li id=\"post-4850\" class=\"post-item col-sm-4 post-4850 post type-post status-publish format-standard has-post-thumbnail hentry category-resource tag-covidep-en\">\n    <article>\n\n\t\t<div class=\"post-image\"><a href=\"https:\/\/www.prospectivecooperation.org\/en\/covidep-homeless-in-the-journal-sfsp\/\" class=\"element-wrap\"><img loading=\"lazy\" decoding=\"async\" width=\"480\" height=\"232\" src=\"https:\/\/www.prospectivecooperation.org\/wp-content\/uploads\/2022\/04\/SFSP2.png\" class=\"attachment-kleo-post-gallery size-kleo-post-gallery wp-post-image\" alt=\"\" srcset=\"https:\/\/www.prospectivecooperation.org\/wp-content\/uploads\/2022\/04\/SFSP2.png 746w, https:\/\/www.prospectivecooperation.org\/wp-content\/uploads\/2022\/04\/SFSP2-300x145.png 300w, https:\/\/www.prospectivecooperation.org\/wp-content\/uploads\/2022\/04\/SFSP2-600x290.png 600w, https:\/\/www.prospectivecooperation.org\/wp-content\/uploads\/2022\/04\/SFSP2-672x324.png 672w\" sizes=\"auto, (max-width: 480px) 100vw, 480px\" \/><span class=\"hover-element\"><i>+<\/i><\/span><\/a><\/div><!--end post-image-->\n        <div class=\"entry-content\">\n            <h4 class=\"post-title entry-title\"><a href=\"https:\/\/www.prospectivecooperation.org\/en\/covidep-homeless-in-the-journal-sfsp\/\">Covidep Homeless in the journal SFSP<\/a><\/h4>\n\n            <span class=\"post-meta hidden hide\">\n                <small><a href=\"https:\/\/www.prospectivecooperation.org\/en\/covidep-homeless-in-the-journal-sfsp\/\" rel=\"bookmark\" class=\"post-time\"><time class=\"entry-date\" datetime=\"2022-04-05T12:03:56+02:00\">5 April 2022<\/time><time class=\"modify-date hide hidden updated\" datetime=\"2022-04-05T12:09:46+02:00\">5 April 2022<\/time><\/a><\/small>            <\/span>\n\n\t\t\t                <hr>\n                <div class=\"entry-summary\">\n\t\t\t\t\t<p>The Covidep Homeless project team published an article in the journal SFSP,\u00a0Soci\u00e9t\u00e9 Fran\u00e7aise de Sant\u00e9 Publique: \u201cUn mod\u00e8le innovant...<\/p>                <\/div><!-- .entry-summary -->\n\t\t\t        <\/div><!--end post-info-->\n\n    <\/article>\n<\/li>\n<li id=\"post-4860\" class=\"post-item col-sm-4 post-4860 post type-post status-publish format-standard has-post-thumbnail hentry category-resource tag-covidep-en\">\n    <article>\n\n\t\t<div class=\"post-image\"><a href=\"https:\/\/www.prospectivecooperation.org\/en\/vaccination-coverage-and-great-precariousness-report\/\" class=\"element-wrap\"><img loading=\"lazy\" decoding=\"async\" width=\"480\" height=\"262\" src=\"https:\/\/www.prospectivecooperation.org\/wp-content\/uploads\/2022\/04\/Rapport-PREVAC-1.jpg\" class=\"attachment-kleo-post-gallery size-kleo-post-gallery wp-post-image\" alt=\"\" srcset=\"https:\/\/www.prospectivecooperation.org\/wp-content\/uploads\/2022\/04\/Rapport-PREVAC-1.jpg 1274w, https:\/\/www.prospectivecooperation.org\/wp-content\/uploads\/2022\/04\/Rapport-PREVAC-1-300x164.jpg 300w, https:\/\/www.prospectivecooperation.org\/wp-content\/uploads\/2022\/04\/Rapport-PREVAC-1-1024x559.jpg 1024w, https:\/\/www.prospectivecooperation.org\/wp-content\/uploads\/2022\/04\/Rapport-PREVAC-1-768x419.jpg 768w, https:\/\/www.prospectivecooperation.org\/wp-content\/uploads\/2022\/04\/Rapport-PREVAC-1-600x327.jpg 600w, https:\/\/www.prospectivecooperation.org\/wp-content\/uploads\/2022\/04\/Rapport-PREVAC-1-672x367.jpg 672w, https:\/\/www.prospectivecooperation.org\/wp-content\/uploads\/2022\/04\/Rapport-PREVAC-1-1038x566.jpg 1038w\" sizes=\"auto, (max-width: 480px) 100vw, 480px\" \/><span class=\"hover-element\"><i>+<\/i><\/span><\/a><\/div><!--end post-image-->\n        <div class=\"entry-content\">\n            <h4 class=\"post-title entry-title\"><a href=\"https:\/\/www.prospectivecooperation.org\/en\/vaccination-coverage-and-great-precariousness-report\/\">Immunization coverage and great precariousness: report<\/a><\/h4>\n\n            <span class=\"post-meta hidden hide\">\n                <small><a href=\"https:\/\/www.prospectivecooperation.org\/en\/vaccination-coverage-and-great-precariousness-report\/\" rel=\"bookmark\" class=\"post-time\"><time class=\"entry-date\" datetime=\"2022-04-05T11:55:20+02:00\">5 April 2022<\/time><time class=\"modify-date hide hidden updated\" datetime=\"2022-04-05T12:58:17+02:00\">5 April 2022<\/time><\/a><\/small>            <\/span>\n\n\t\t\t                <hr>\n                <div class=\"entry-summary\">\n\t\t\t\t\t<p>The final report of the PREVAC study was published, under the title: &#8220;PREVAC: Estimation of vaccination coverage and factors...<\/p>                <\/div><!-- .entry-summary -->\n\t\t\t        <\/div><!--end post-info-->\n\n    <\/article>\n<\/li>\n<li id=\"post-4856\" class=\"post-item col-sm-4 post-4856 post type-post status-publish format-standard has-post-thumbnail hentry category-resource tag-covidep-en\">\n    <article>\n\n\t\t<div class=\"post-image\"><a href=\"https:\/\/www.prospectivecooperation.org\/en\/covidep-homeless-in-alternatives-humanitaires\/\" class=\"element-wrap\"><img loading=\"lazy\" decoding=\"async\" width=\"429\" height=\"270\" src=\"https:\/\/www.prospectivecooperation.org\/wp-content\/uploads\/2022\/04\/Alt-hum.png\" class=\"attachment-kleo-post-gallery size-kleo-post-gallery wp-post-image\" alt=\"\" srcset=\"https:\/\/www.prospectivecooperation.org\/wp-content\/uploads\/2022\/04\/Alt-hum.png 709w, https:\/\/www.prospectivecooperation.org\/wp-content\/uploads\/2022\/04\/Alt-hum-300x189.png 300w, https:\/\/www.prospectivecooperation.org\/wp-content\/uploads\/2022\/04\/Alt-hum-600x377.png 600w, https:\/\/www.prospectivecooperation.org\/wp-content\/uploads\/2022\/04\/Alt-hum-672x423.png 672w\" sizes=\"auto, (max-width: 429px) 100vw, 429px\" \/><span class=\"hover-element\"><i>+<\/i><\/span><\/a><\/div><!--end post-image-->\n        <div class=\"entry-content\">\n            <h4 class=\"post-title entry-title\"><a href=\"https:\/\/www.prospectivecooperation.org\/en\/covidep-homeless-in-alternatives-humanitaires\/\">Covidep Homeless in Alternatives humanitaires<\/a><\/h4>\n\n            <span class=\"post-meta hidden hide\">\n                <small><a href=\"https:\/\/www.prospectivecooperation.org\/en\/covidep-homeless-in-alternatives-humanitaires\/\" rel=\"bookmark\" class=\"post-time\"><time class=\"entry-date\" datetime=\"2022-04-05T11:41:18+02:00\">5 April 2022<\/time><time class=\"modify-date hide hidden updated\" datetime=\"2022-04-05T12:58:09+02:00\">5 April 2022<\/time><\/a><\/small>            <\/span>\n\n\t\t\t                <hr>\n                <div class=\"entry-summary\">\n\t\t\t\t\t<p>&#8220;Si Marseille a beaucoup fait parler d\u2019elle depuis le d\u00e9but de la pand\u00e9mie, le travail men\u00e9 par ses acteurs...<\/p>                <\/div><!-- .entry-summary -->\n\t\t\t        <\/div><!--end post-info-->\n\n    <\/article>\n<\/li>\n<li id=\"post-4324\" class=\"post-item col-sm-4 post-4324 post type-post status-publish format-standard has-post-thumbnail hentry category-resource\">\n    <article>\n\n\t\t<div class=\"post-image\"><a href=\"https:\/\/www.prospectivecooperation.org\/en\/waste-management-in-togo-vogan-seves-video\/\" class=\"element-wrap\"><img loading=\"lazy\" decoding=\"async\" width=\"480\" height=\"266\" src=\"https:\/\/www.prospectivecooperation.org\/wp-content\/uploads\/2020\/12\/vid\u00e9o-Togo2.png\" class=\"attachment-kleo-post-gallery size-kleo-post-gallery wp-post-image\" alt=\"\" srcset=\"https:\/\/www.prospectivecooperation.org\/wp-content\/uploads\/2020\/12\/vid\u00e9o-Togo2.png 771w, https:\/\/www.prospectivecooperation.org\/wp-content\/uploads\/2020\/12\/vid\u00e9o-Togo2-300x167.png 300w, https:\/\/www.prospectivecooperation.org\/wp-content\/uploads\/2020\/12\/vid\u00e9o-Togo2-768x426.png 768w, https:\/\/www.prospectivecooperation.org\/wp-content\/uploads\/2020\/12\/vid\u00e9o-Togo2-600x333.png 600w, https:\/\/www.prospectivecooperation.org\/wp-content\/uploads\/2020\/12\/vid\u00e9o-Togo2-672x373.png 672w\" sizes=\"auto, (max-width: 480px) 100vw, 480px\" \/><span class=\"hover-element\"><i>+<\/i><\/span><\/a><\/div><!--end post-image-->\n        <div class=\"entry-content\">\n            <h4 class=\"post-title entry-title\"><a href=\"https:\/\/www.prospectivecooperation.org\/en\/waste-management-in-togo-vogan-seves-video\/\">Waste management in Togo, Vogan \/ SEVES | video<\/a><\/h4>\n\n            <span class=\"post-meta hidden hide\">\n                <small><a href=\"https:\/\/www.prospectivecooperation.org\/en\/waste-management-in-togo-vogan-seves-video\/\" rel=\"bookmark\" class=\"post-time\"><time class=\"entry-date\" datetime=\"2021-03-10T13:08:02+01:00\">10 March 2021<\/time><time class=\"modify-date hide hidden updated\" datetime=\"2021-03-29T13:58:27+02:00\">29 March 2021<\/time><\/a><\/small>            <\/span>\n\n\t\t\t                <hr>\n                <div class=\"entry-summary\">\n\t\t\t\t\t<p>As part of the evaluation of the international solidarity mechanism initiated by Syctom, the \u00cele-de-France metropolitan household waste agency,...<\/p>                <\/div><!-- .entry-summary -->\n\t\t\t        <\/div><!--end post-info-->\n\n    <\/article>\n<\/li>\n<li id=\"post-4321\" class=\"post-item col-sm-4 post-4321 post type-post status-publish format-standard has-post-thumbnail hentry category-resource\">\n    <article>\n\n\t\t<div class=\"post-image\"><a href=\"https:\/\/www.prospectivecooperation.org\/en\/waste-management-in-togo-gret-video\/\" class=\"element-wrap\"><img loading=\"lazy\" decoding=\"async\" width=\"480\" height=\"266\" src=\"https:\/\/www.prospectivecooperation.org\/wp-content\/uploads\/2020\/12\/vid\u00e9o-Togo3.png\" class=\"attachment-kleo-post-gallery size-kleo-post-gallery wp-post-image\" alt=\"\" srcset=\"https:\/\/www.prospectivecooperation.org\/wp-content\/uploads\/2020\/12\/vid\u00e9o-Togo3.png 771w, https:\/\/www.prospectivecooperation.org\/wp-content\/uploads\/2020\/12\/vid\u00e9o-Togo3-300x167.png 300w, https:\/\/www.prospectivecooperation.org\/wp-content\/uploads\/2020\/12\/vid\u00e9o-Togo3-768x426.png 768w, https:\/\/www.prospectivecooperation.org\/wp-content\/uploads\/2020\/12\/vid\u00e9o-Togo3-600x333.png 600w, https:\/\/www.prospectivecooperation.org\/wp-content\/uploads\/2020\/12\/vid\u00e9o-Togo3-672x373.png 672w\" sizes=\"auto, (max-width: 480px) 100vw, 480px\" \/><span class=\"hover-element\"><i>+<\/i><\/span><\/a><\/div><!--end post-image-->\n        <div class=\"entry-content\">\n            <h4 class=\"post-title entry-title\"><a href=\"https:\/\/www.prospectivecooperation.org\/en\/waste-management-in-togo-gret-video\/\">Waste management in Togo, GRET | video<\/a><\/h4>\n\n            <span class=\"post-meta hidden hide\">\n                <small><a href=\"https:\/\/www.prospectivecooperation.org\/en\/waste-management-in-togo-gret-video\/\" rel=\"bookmark\" class=\"post-time\"><time class=\"entry-date\" datetime=\"2021-03-10T13:07:18+01:00\">10 March 2021<\/time><time class=\"modify-date hide hidden updated\" datetime=\"2021-03-29T13:59:56+02:00\">29 March 2021<\/time><\/a><\/small>            <\/span>\n\n\t\t\t                <hr>\n                <div class=\"entry-summary\">\n\t\t\t\t\t<p>As part of the evaluation of the international solidarity mechanism initiated by Syctom, the \u00cele-de-France metropolitan household waste agency,...<\/p>                <\/div><!-- .entry-summary -->\n\t\t\t        <\/div><!--end post-info-->\n\n    <\/article>\n<\/li>\n<li id=\"post-4320\" class=\"post-item col-sm-4 post-4320 post type-post status-publish format-standard has-post-thumbnail hentry category-resource\">\n    <article>\n\n\t\t<div class=\"post-image\"><a href=\"https:\/\/www.prospectivecooperation.org\/en\/waste-management-in-togo-aneho-aimf-video\/\" class=\"element-wrap\"><img loading=\"lazy\" decoding=\"async\" width=\"480\" height=\"266\" src=\"https:\/\/www.prospectivecooperation.org\/wp-content\/uploads\/2020\/12\/vid\u00e9o-Togo1.png\" class=\"attachment-kleo-post-gallery size-kleo-post-gallery wp-post-image\" alt=\"\" srcset=\"https:\/\/www.prospectivecooperation.org\/wp-content\/uploads\/2020\/12\/vid\u00e9o-Togo1.png 771w, https:\/\/www.prospectivecooperation.org\/wp-content\/uploads\/2020\/12\/vid\u00e9o-Togo1-300x167.png 300w, https:\/\/www.prospectivecooperation.org\/wp-content\/uploads\/2020\/12\/vid\u00e9o-Togo1-768x426.png 768w, https:\/\/www.prospectivecooperation.org\/wp-content\/uploads\/2020\/12\/vid\u00e9o-Togo1-600x333.png 600w, https:\/\/www.prospectivecooperation.org\/wp-content\/uploads\/2020\/12\/vid\u00e9o-Togo1-672x373.png 672w\" sizes=\"auto, (max-width: 480px) 100vw, 480px\" \/><span class=\"hover-element\"><i>+<\/i><\/span><\/a><\/div><!--end post-image-->\n        <div class=\"entry-content\">\n            <h4 class=\"post-title entry-title\"><a href=\"https:\/\/www.prospectivecooperation.org\/en\/waste-management-in-togo-aneho-aimf-video\/\">Waste management in Togo, An\u00e9ho \/ AIMF | video<\/a><\/h4>\n\n            <span class=\"post-meta hidden hide\">\n                <small><a href=\"https:\/\/www.prospectivecooperation.org\/en\/waste-management-in-togo-aneho-aimf-video\/\" rel=\"bookmark\" class=\"post-time\"><time class=\"entry-date\" datetime=\"2021-03-10T13:07:12+01:00\">10 March 2021<\/time><time class=\"modify-date hide hidden updated\" datetime=\"2021-03-29T13:59:06+02:00\">29 March 2021<\/time><\/a><\/small>            <\/span>\n\n\t\t\t                <hr>\n                <div class=\"entry-summary\">\n\t\t\t\t\t<p>As part of the evaluation of the international solidarity mechanism initiated by Syctom, the \u00cele-de-France metropolitan household waste agency,...<\/p>                <\/div><!-- .entry-summary -->\n\t\t\t        <\/div><!--end post-info-->\n\n    <\/article>\n<\/li>\n<li id=\"post-4132\" class=\"post-item col-sm-4 post-4132 post type-post status-publish format-standard has-post-thumbnail hentry category-resource\">\n    <article>\n\n\t\t<div class=\"post-image\"><a href=\"https:\/\/www.prospectivecooperation.org\/en\/distance-learning-handbook-for-gender-integration-in-projects-selected-for-the-fisong-2020-one-health\/\" class=\"element-wrap\"><img loading=\"lazy\" decoding=\"async\" width=\"480\" height=\"250\" src=\"https:\/\/www.prospectivecooperation.org\/wp-content\/uploads\/2020\/11\/ManuelFormation-Genre-F3E-AFD2020vf-1-480x250.png\" class=\"attachment-kleo-post-gallery size-kleo-post-gallery wp-post-image\" alt=\"\" \/><span class=\"hover-element\"><i>+<\/i><\/span><\/a><\/div><!--end post-image-->\n        <div class=\"entry-content\">\n            <h4 class=\"post-title entry-title\"><a href=\"https:\/\/www.prospectivecooperation.org\/en\/distance-learning-handbook-for-gender-integration-in-projects-selected-for-the-fisong-2020-one-health\/\">Distance learning handbook for gender integration in projects selected for the Fisong 2020 One Health<\/a><\/h4>\n\n            <span class=\"post-meta hidden hide\">\n                <small><a href=\"https:\/\/www.prospectivecooperation.org\/en\/distance-learning-handbook-for-gender-integration-in-projects-selected-for-the-fisong-2020-one-health\/\" rel=\"bookmark\" class=\"post-time\"><time class=\"entry-date\" datetime=\"2020-11-25T15:55:54+01:00\">25 November 2020<\/time><time class=\"modify-date hide hidden updated\" datetime=\"2023-09-07T15:57:19+02:00\">7 September 2023<\/time><\/a><\/small>            <\/span>\n\n\t\t\t                <hr>\n                <div class=\"entry-summary\">\n\t\t\t\t\t<p>Supporting NGOs for the integration of a gender perspective in projects, within the framework of Fisong 2020 One Health,...<\/p>                <\/div><!-- .entry-summary -->\n\t\t\t        <\/div><!--end post-info-->\n\n    <\/article>\n<\/li>\n<li id=\"post-3676\" class=\"post-item col-sm-4 post-3676 post type-post status-publish format-standard has-post-thumbnail hentry category-resource\">\n    <article>\n\n\t\t<div class=\"post-image\"><a href=\"https:\/\/www.prospectivecooperation.org\/en\/filipa-project-brazzaville-neighborhoods-chronically-threatened-by-flooding-video\/\" class=\"element-wrap\"><img loading=\"lazy\" decoding=\"async\" width=\"480\" height=\"270\" src=\"https:\/\/www.prospectivecooperation.org\/wp-content\/uploads\/2019\/12\/Filipa-quartiers.png\" class=\"attachment-kleo-post-gallery size-kleo-post-gallery wp-post-image\" alt=\"\" srcset=\"https:\/\/www.prospectivecooperation.org\/wp-content\/uploads\/2019\/12\/Filipa-quartiers.png 773w, https:\/\/www.prospectivecooperation.org\/wp-content\/uploads\/2019\/12\/Filipa-quartiers-300x169.png 300w, https:\/\/www.prospectivecooperation.org\/wp-content\/uploads\/2019\/12\/Filipa-quartiers-768x433.png 768w, https:\/\/www.prospectivecooperation.org\/wp-content\/uploads\/2019\/12\/Filipa-quartiers-600x338.png 600w, https:\/\/www.prospectivecooperation.org\/wp-content\/uploads\/2019\/12\/Filipa-quartiers-672x379.png 672w\" sizes=\"auto, (max-width: 480px) 100vw, 480px\" \/><span class=\"hover-element\"><i>+<\/i><\/span><\/a><\/div><!--end post-image-->\n        <div class=\"entry-content\">\n            <h4 class=\"post-title entry-title\"><a href=\"https:\/\/www.prospectivecooperation.org\/en\/filipa-project-brazzaville-neighborhoods-chronically-threatened-by-flooding-video\/\">FILIPA project, Brazzaville: neighbourhoods chronically threatened by flooding | video<\/a><\/h4>\n\n            <span class=\"post-meta hidden hide\">\n                <small><a href=\"https:\/\/www.prospectivecooperation.org\/en\/filipa-project-brazzaville-neighborhoods-chronically-threatened-by-flooding-video\/\" rel=\"bookmark\" class=\"post-time\"><time class=\"entry-date\" datetime=\"2020-01-22T10:49:41+01:00\">22 January 2020<\/time><time class=\"modify-date hide hidden updated\" datetime=\"2020-01-22T10:58:36+01:00\">22 January 2020<\/time><\/a><\/small>            <\/span>\n\n\t\t\t                <hr>\n                <div class=\"entry-summary\">\n\t\t\t\t\t<p>As part of the final evaluation of the support project to the Private and Associative Sector of Waste Pre-Collection...<\/p>                <\/div><!-- .entry-summary -->\n\t\t\t        <\/div><!--end post-info-->\n\n    <\/article>\n<\/li>\n<li id=\"post-3674\" class=\"post-item col-sm-4 post-3674 post type-post status-publish format-standard has-post-thumbnail hentry category-resource\">\n    <article>\n\n\t\t<div class=\"post-image\"><a href=\"https:\/\/www.prospectivecooperation.org\/en\/filipa-project-brazzaville-garbage-is-used-to-build-dikes-video\/\" class=\"element-wrap\"><img loading=\"lazy\" decoding=\"async\" width=\"480\" height=\"270\" src=\"https:\/\/www.prospectivecooperation.org\/wp-content\/uploads\/2019\/12\/Filippa-ordures.png\" class=\"attachment-kleo-post-gallery size-kleo-post-gallery wp-post-image\" alt=\"\" srcset=\"https:\/\/www.prospectivecooperation.org\/wp-content\/uploads\/2019\/12\/Filippa-ordures.png 773w, https:\/\/www.prospectivecooperation.org\/wp-content\/uploads\/2019\/12\/Filippa-ordures-300x169.png 300w, https:\/\/www.prospectivecooperation.org\/wp-content\/uploads\/2019\/12\/Filippa-ordures-768x433.png 768w, https:\/\/www.prospectivecooperation.org\/wp-content\/uploads\/2019\/12\/Filippa-ordures-600x338.png 600w, https:\/\/www.prospectivecooperation.org\/wp-content\/uploads\/2019\/12\/Filippa-ordures-672x379.png 672w\" sizes=\"auto, (max-width: 480px) 100vw, 480px\" \/><span class=\"hover-element\"><i>+<\/i><\/span><\/a><\/div><!--end post-image-->\n        <div class=\"entry-content\">\n            <h4 class=\"post-title entry-title\"><a href=\"https:\/\/www.prospectivecooperation.org\/en\/filipa-project-brazzaville-garbage-is-used-to-build-dikes-video\/\">FILIPA project, Brazzaville: garbage is used to build dikes | video<\/a><\/h4>\n\n            <span class=\"post-meta hidden hide\">\n                <small><a href=\"https:\/\/www.prospectivecooperation.org\/en\/filipa-project-brazzaville-garbage-is-used-to-build-dikes-video\/\" rel=\"bookmark\" class=\"post-time\"><time class=\"entry-date\" datetime=\"2020-01-22T10:45:28+01:00\">22 January 2020<\/time><time class=\"modify-date hide hidden updated\" datetime=\"2020-01-22T10:59:10+01:00\">22 January 2020<\/time><\/a><\/small>            <\/span>\n\n\t\t\t                <hr>\n                <div class=\"entry-summary\">\n\t\t\t\t\t<p>As part of the final evaluation of the support project to the Private and Associative Sector of Waste Pre-Collection...<\/p>                <\/div><!-- .entry-summary -->\n\t\t\t        <\/div><!--end post-info-->\n\n    <\/article>\n<\/li>\n<li id=\"post-3672\" class=\"post-item col-sm-4 post-3672 post type-post status-publish format-standard has-post-thumbnail hentry category-resource\">\n    <article>\n\n\t\t<div class=\"post-image\"><a href=\"https:\/\/www.prospectivecooperation.org\/en\/filipa-project-brazzaville-the-use-of-waste-as-backfill-against-erosion-video\/\" class=\"element-wrap\"><img loading=\"lazy\" decoding=\"async\" width=\"480\" height=\"270\" src=\"https:\/\/www.prospectivecooperation.org\/wp-content\/uploads\/2019\/12\/Filippa-remblais.png\" class=\"attachment-kleo-post-gallery size-kleo-post-gallery wp-post-image\" alt=\"\" srcset=\"https:\/\/www.prospectivecooperation.org\/wp-content\/uploads\/2019\/12\/Filippa-remblais.png 773w, https:\/\/www.prospectivecooperation.org\/wp-content\/uploads\/2019\/12\/Filippa-remblais-300x169.png 300w, https:\/\/www.prospectivecooperation.org\/wp-content\/uploads\/2019\/12\/Filippa-remblais-768x433.png 768w, https:\/\/www.prospectivecooperation.org\/wp-content\/uploads\/2019\/12\/Filippa-remblais-600x338.png 600w, https:\/\/www.prospectivecooperation.org\/wp-content\/uploads\/2019\/12\/Filippa-remblais-672x379.png 672w\" sizes=\"auto, (max-width: 480px) 100vw, 480px\" \/><span class=\"hover-element\"><i>+<\/i><\/span><\/a><\/div><!--end post-image-->\n        <div class=\"entry-content\">\n            <h4 class=\"post-title entry-title\"><a href=\"https:\/\/www.prospectivecooperation.org\/en\/filipa-project-brazzaville-the-use-of-waste-as-backfill-against-erosion-video\/\">FILIPA project, Brazzaville: the use of waste as backfill against erosion | video<\/a><\/h4>\n\n            <span class=\"post-meta hidden hide\">\n                <small><a href=\"https:\/\/www.prospectivecooperation.org\/en\/filipa-project-brazzaville-the-use-of-waste-as-backfill-against-erosion-video\/\" rel=\"bookmark\" class=\"post-time\"><time class=\"entry-date\" datetime=\"2020-01-22T10:10:29+01:00\">22 January 2020<\/time><time class=\"modify-date hide hidden updated\" datetime=\"2020-01-22T10:59:18+01:00\">22 January 2020<\/time><\/a><\/small>            <\/span>\n\n\t\t\t                <hr>\n                <div class=\"entry-summary\">\n\t\t\t\t\t<p>As part of the final evaluation of the support project to the Private and Associative Sector of Waste Pre-Collection...<\/p>                <\/div><!-- .entry-summary -->\n\t\t\t        <\/div><!--end post-info-->\n\n    <\/article>\n<\/li>\n<li id=\"post-3666\" class=\"post-item col-sm-4 post-3666 post type-post status-publish format-standard has-post-thumbnail hentry category-resource\">\n    <article>\n\n\t\t<div class=\"post-image\"><a href=\"https:\/\/www.prospectivecooperation.org\/en\/filipa-project-brazzaville-pre-collection-of-waste-by-small-operators-video\/\" class=\"element-wrap\"><img loading=\"lazy\" decoding=\"async\" width=\"480\" height=\"270\" src=\"https:\/\/www.prospectivecooperation.org\/wp-content\/uploads\/2019\/12\/Filippa-pr\u00e9-collecte.png\" class=\"attachment-kleo-post-gallery size-kleo-post-gallery wp-post-image\" alt=\"\" srcset=\"https:\/\/www.prospectivecooperation.org\/wp-content\/uploads\/2019\/12\/Filippa-pr\u00e9-collecte.png 773w, https:\/\/www.prospectivecooperation.org\/wp-content\/uploads\/2019\/12\/Filippa-pr\u00e9-collecte-300x169.png 300w, https:\/\/www.prospectivecooperation.org\/wp-content\/uploads\/2019\/12\/Filippa-pr\u00e9-collecte-768x433.png 768w, https:\/\/www.prospectivecooperation.org\/wp-content\/uploads\/2019\/12\/Filippa-pr\u00e9-collecte-600x338.png 600w, https:\/\/www.prospectivecooperation.org\/wp-content\/uploads\/2019\/12\/Filippa-pr\u00e9-collecte-672x379.png 672w\" sizes=\"auto, (max-width: 480px) 100vw, 480px\" \/><span class=\"hover-element\"><i>+<\/i><\/span><\/a><\/div><!--end post-image-->\n        <div class=\"entry-content\">\n            <h4 class=\"post-title entry-title\"><a href=\"https:\/\/www.prospectivecooperation.org\/en\/filipa-project-brazzaville-pre-collection-of-waste-by-small-operators-video\/\">FILIPA project, Brazzaville: pre-collection of waste by small operators | video<\/a><\/h4>\n\n            <span class=\"post-meta hidden hide\">\n                <small><a href=\"https:\/\/www.prospectivecooperation.org\/en\/filipa-project-brazzaville-pre-collection-of-waste-by-small-operators-video\/\" rel=\"bookmark\" class=\"post-time\"><time class=\"entry-date\" datetime=\"2020-01-21T14:35:06+01:00\">21 January 2020<\/time><time class=\"modify-date hide hidden updated\" datetime=\"2020-01-22T10:59:56+01:00\">22 January 2020<\/time><\/a><\/small>            <\/span>\n\n\t\t\t                <hr>\n                <div class=\"entry-summary\">\n\t\t\t\t\t<p>As part of the final evaluation of the support project to the Private and Associative Sector of Waste Pre-Collection...<\/p>                <\/div><!-- .entry-summary -->\n\t\t\t        <\/div><!--end post-info-->\n\n    <\/article>\n<\/li>\n<li id=\"post-3664\" class=\"post-item col-sm-4 post-3664 post type-post status-publish format-standard has-post-thumbnail hentry category-resource\">\n    <article>\n\n\t\t<div class=\"post-image\"><a href=\"https:\/\/www.prospectivecooperation.org\/en\/filipa-project-brazzaville-eradication-of-a-dumping-ground-by-public-waste-collectors-video\/\" class=\"element-wrap\"><img loading=\"lazy\" decoding=\"async\" width=\"480\" height=\"270\" src=\"https:\/\/www.prospectivecooperation.org\/wp-content\/uploads\/2019\/12\/Filippa-\u00e9radication.png\" class=\"attachment-kleo-post-gallery size-kleo-post-gallery wp-post-image\" alt=\"\" srcset=\"https:\/\/www.prospectivecooperation.org\/wp-content\/uploads\/2019\/12\/Filippa-\u00e9radication.png 773w, https:\/\/www.prospectivecooperation.org\/wp-content\/uploads\/2019\/12\/Filippa-\u00e9radication-300x169.png 300w, https:\/\/www.prospectivecooperation.org\/wp-content\/uploads\/2019\/12\/Filippa-\u00e9radication-768x433.png 768w, https:\/\/www.prospectivecooperation.org\/wp-content\/uploads\/2019\/12\/Filippa-\u00e9radication-600x338.png 600w, https:\/\/www.prospectivecooperation.org\/wp-content\/uploads\/2019\/12\/Filippa-\u00e9radication-672x379.png 672w\" sizes=\"auto, (max-width: 480px) 100vw, 480px\" \/><span class=\"hover-element\"><i>+<\/i><\/span><\/a><\/div><!--end post-image-->\n        <div class=\"entry-content\">\n            <h4 class=\"post-title entry-title\"><a href=\"https:\/\/www.prospectivecooperation.org\/en\/filipa-project-brazzaville-eradication-of-a-dumping-ground-by-public-waste-collectors-video\/\">FILIPA project, Brazzaville: eradication of a dump by OPCs | video<\/a><\/h4>\n\n            <span class=\"post-meta hidden hide\">\n                <small><a href=\"https:\/\/www.prospectivecooperation.org\/en\/filipa-project-brazzaville-eradication-of-a-dumping-ground-by-public-waste-collectors-video\/\" rel=\"bookmark\" class=\"post-time\"><time class=\"entry-date\" datetime=\"2020-01-21T14:27:31+01:00\">21 January 2020<\/time><time class=\"modify-date hide hidden updated\" datetime=\"2020-01-22T10:59:47+01:00\">22 January 2020<\/time><\/a><\/small>            <\/span>\n\n\t\t\t                <hr>\n                <div class=\"entry-summary\">\n\t\t\t\t\t<p>As part of the final evaluation of the support project to the Private and Associative Sector of Waste Pre-Collection...<\/p>                <\/div><!-- .entry-summary -->\n\t\t\t        <\/div><!--end post-info-->\n\n    <\/article>\n<\/li>\n<li id=\"post-3658\" class=\"post-item col-sm-4 post-3658 post type-post status-publish format-standard has-post-thumbnail hentry category-resource\">\n    <article>\n\n\t\t<div class=\"post-image\"><a href=\"https:\/\/www.prospectivecooperation.org\/en\/video-your-aid-or-your-life-marseilles-31-october-2018\/\" class=\"element-wrap\"><img loading=\"lazy\" decoding=\"async\" width=\"480\" height=\"268\" src=\"https:\/\/www.prospectivecooperation.org\/wp-content\/uploads\/2019\/12\/Atelier-d\u00e9bat-Aide-ou-vie.png\" class=\"attachment-kleo-post-gallery size-kleo-post-gallery wp-post-image\" alt=\"\" srcset=\"https:\/\/www.prospectivecooperation.org\/wp-content\/uploads\/2019\/12\/Atelier-d\u00e9bat-Aide-ou-vie.png 1114w, https:\/\/www.prospectivecooperation.org\/wp-content\/uploads\/2019\/12\/Atelier-d\u00e9bat-Aide-ou-vie-300x168.png 300w, https:\/\/www.prospectivecooperation.org\/wp-content\/uploads\/2019\/12\/Atelier-d\u00e9bat-Aide-ou-vie-1024x572.png 1024w, https:\/\/www.prospectivecooperation.org\/wp-content\/uploads\/2019\/12\/Atelier-d\u00e9bat-Aide-ou-vie-768x429.png 768w, https:\/\/www.prospectivecooperation.org\/wp-content\/uploads\/2019\/12\/Atelier-d\u00e9bat-Aide-ou-vie-600x335.png 600w, https:\/\/www.prospectivecooperation.org\/wp-content\/uploads\/2019\/12\/Atelier-d\u00e9bat-Aide-ou-vie-672x375.png 672w, https:\/\/www.prospectivecooperation.org\/wp-content\/uploads\/2019\/12\/Atelier-d\u00e9bat-Aide-ou-vie-1038x580.png 1038w\" sizes=\"auto, (max-width: 480px) 100vw, 480px\" \/><span class=\"hover-element\"><i>+<\/i><\/span><\/a><\/div><!--end post-image-->\n        <div class=\"entry-content\">\n            <h4 class=\"post-title entry-title\"><a href=\"https:\/\/www.prospectivecooperation.org\/en\/video-your-aid-or-your-life-marseilles-31-october-2018\/\">VIDEO : Your aid or your life? MARSEILLES, 31 october 2018<\/a><\/h4>\n\n            <span class=\"post-meta hidden hide\">\n                <small><a href=\"https:\/\/www.prospectivecooperation.org\/en\/video-your-aid-or-your-life-marseilles-31-october-2018\/\" rel=\"bookmark\" class=\"post-time\"><time class=\"entry-date\" datetime=\"2020-01-21T14:00:25+01:00\">21 January 2020<\/time><time class=\"modify-date hide hidden updated\" datetime=\"2021-03-29T16:20:14+02:00\">29 March 2021<\/time><\/a><\/small>            <\/span>\n\n\t\t\t                <hr>\n                <div class=\"entry-summary\">\n\t\t\t\t\t<p>On 31st October 2018, Prospective et Coop\u00e9ration organised a workshop-debate on the theme: \u201cYour aid or your life? Is...<\/p>                <\/div><!-- .entry-summary -->\n\t\t\t        <\/div><!--end post-info-->\n\n    <\/article>\n<\/li>\n<li id=\"post-2406\" class=\"post-item col-sm-4 post-2406 post type-post status-publish format-standard hentry category-resource\">\n    <article>\n\n\t\t\n        <div class=\"entry-content\">\n            <h4 class=\"post-title entry-title\"><a href=\"https:\/\/www.prospectivecooperation.org\/en\/temporal-dynamic-of-malaria-in-a-suburban-area-along-the-niger-river\/\">Temporal dynamic of malaria in a suburban area along the Niger River<\/a><\/h4>\n\n            <span class=\"post-meta hidden hide\">\n                <small><a href=\"https:\/\/www.prospectivecooperation.org\/en\/temporal-dynamic-of-malaria-in-a-suburban-area-along-the-niger-river\/\" rel=\"bookmark\" class=\"post-time\"><time class=\"entry-date\" datetime=\"2017-10-25T10:18:09+02:00\">25 October 2017<\/time><time class=\"modify-date hide hidden updated\" datetime=\"2021-03-29T16:23:54+02:00\">29 March 2021<\/time><\/a><\/small>            <\/span>\n\n\t\t\t                <hr>\n                <div class=\"entry-summary\">\n\t\t\t\t\t<p>Even if rainfall and temperature are factors classically associated to malaria, little is known about other meteorological factors, their...<\/p>                <\/div><!-- .entry-summary -->\n\t\t\t        <\/div><!--end post-info-->\n\n    <\/article>\n<\/li>\n<li id=\"post-2390\" class=\"post-item col-sm-4 post-2390 post type-post status-publish format-standard hentry category-resource\">\n    <article>\n\n\t\t\n        <div class=\"entry-content\">\n            <h4 class=\"post-title entry-title\"><a href=\"https:\/\/www.prospectivecooperation.org\/en\/support-for-the-definition-of-a-common-measurement-and-tracking-methodology-of-effects-and-impacts-of-entreprises-de-services-et-organisations-de-producteurs-esop-on-producers-western-africa\/\">Support for the definition of a common measurement and tracking methodology of effects and impacts of Entreprises de Services et Organisations de Producteurs (ESOP) on producers (Western Africa)<\/a><\/h4>\n\n            <span class=\"post-meta hidden hide\">\n                <small><a href=\"https:\/\/www.prospectivecooperation.org\/en\/support-for-the-definition-of-a-common-measurement-and-tracking-methodology-of-effects-and-impacts-of-entreprises-de-services-et-organisations-de-producteurs-esop-on-producers-western-africa\/\" rel=\"bookmark\" class=\"post-time\"><time class=\"entry-date\" datetime=\"2017-10-17T12:56:30+02:00\">17 October 2017<\/time><time class=\"modify-date hide hidden updated\" datetime=\"2020-11-25T12:26:58+01:00\">25 November 2020<\/time><\/a><\/small>            <\/span>\n\n\t\t\t                <hr>\n                <div class=\"entry-summary\">\n\t\t\t\t\t<p>&#8220;The CIDR and its partners in West Africa, APME2A in Burkina Faso, ETD in Togo and Benin, ICD in...<\/p>                <\/div><!-- .entry-summary -->\n\t\t\t        <\/div><!--end post-info-->\n\n    <\/article>\n<\/li>\n<li id=\"post-2362\" class=\"post-item col-sm-4 post-2362 post type-post status-publish format-standard hentry category-resource\">\n    <article>\n\n\t\t\n        <div class=\"entry-content\">\n            <h4 class=\"post-title entry-title\"><a href=\"https:\/\/www.prospectivecooperation.org\/en\/co-production-of-the-delay-anthropology-of-budget-support-in-cameroon-and-niger\/\">Co-production of the delay &#8211; Anthropology of budget support in Cameroon and Niger<\/a><\/h4>\n\n            <span class=\"post-meta hidden hide\">\n                <small><a href=\"https:\/\/www.prospectivecooperation.org\/en\/co-production-of-the-delay-anthropology-of-budget-support-in-cameroon-and-niger\/\" rel=\"bookmark\" class=\"post-time\"><time class=\"entry-date\" datetime=\"2017-10-17T11:56:09+02:00\">17 October 2017<\/time><time class=\"modify-date hide hidden updated\" datetime=\"2020-11-25T12:28:37+01:00\">25 November 2020<\/time><\/a><\/small>            <\/span>\n\n\t\t\t                <hr>\n                <div class=\"entry-summary\">\n\t\t\t\t\t<p>&#8220;In 2005, sixty-one donor institutions and fifty-six aid recipient countries signed the Declaration of Paris, redefining the official development...<\/p>                <\/div><!-- .entry-summary -->\n\t\t\t        <\/div><!--end post-info-->\n\n    <\/article>\n<\/li>\n<li id=\"post-2359\" class=\"post-item col-sm-4 post-2359 post type-post status-publish format-standard hentry category-resource\">\n    <article>\n\n\t\t\n        <div class=\"entry-content\">\n            <h4 class=\"post-title entry-title\"><a href=\"https:\/\/www.prospectivecooperation.org\/en\/refugee-law-migrants-law-maritime-law-legal-constraints-and-legal-framework-for-the-rescue-of-persons-at-risk-in-the-mediterranean-sea\/\">Refugee law, migrants law, maritime law: legal constraints and legal framework for the rescue of persons at risk in the Mediterranean sea\u201d<\/a><\/h4>\n\n            <span class=\"post-meta hidden hide\">\n                <small><a href=\"https:\/\/www.prospectivecooperation.org\/en\/refugee-law-migrants-law-maritime-law-legal-constraints-and-legal-framework-for-the-rescue-of-persons-at-risk-in-the-mediterranean-sea\/\" rel=\"bookmark\" class=\"post-time\"><time class=\"entry-date\" datetime=\"2017-10-17T11:45:47+02:00\">17 October 2017<\/time><time class=\"modify-date hide hidden updated\" datetime=\"2020-11-25T12:27:49+01:00\">25 November 2020<\/time><\/a><\/small>            <\/span>\n\n\t\t\t                <hr>\n                <div class=\"entry-summary\">\n\t\t\t\t\t<p>&#8220;SOS M\u00e9diterran\u00e9e was launched in the course of 2015, an initiative to mobilize European citizens to face the dramatic...<\/p>                <\/div><!-- .entry-summary -->\n\t\t\t        <\/div><!--end post-info-->\n\n    <\/article>\n<\/li>\n<li id=\"post-2338\" class=\"post-item col-sm-4 post-2338 post type-post status-publish format-standard hentry category-resource\">\n    <article>\n\n\t\t<div class=\"post-image\"><a href=\"https:\/\/www.prospectivecooperation.org\/en\/in-search-of-mediterranean-identities-crossed-views-actions-taken\/\" class=\"element-wrap\"><img decoding=\"async\" src=\"https:\/\/www.prospectivecooperation.org\/wp-content\/uploads\/2016\/11\/Racines-300x200.jpg\" alt=\"In search of \"Mediterranean Identities\": crossed views, actions taken\"><span class=\"hover-element\"><i>+<\/i><\/span><\/a><\/div><!--end post-image-->\n        <div class=\"entry-content\">\n            <h4 class=\"post-title entry-title\"><a href=\"https:\/\/www.prospectivecooperation.org\/en\/in-search-of-mediterranean-identities-crossed-views-actions-taken\/\">In search of &#8220;Mediterranean Identities&#8221;: crossed views, actions taken<\/a><\/h4>\n\n            <span class=\"post-meta hidden hide\">\n                <small><a href=\"https:\/\/www.prospectivecooperation.org\/en\/in-search-of-mediterranean-identities-crossed-views-actions-taken\/\" rel=\"bookmark\" class=\"post-time\"><time class=\"entry-date\" datetime=\"2017-10-16T17:02:31+02:00\">16 October 2017<\/time><time class=\"modify-date hide hidden updated\" datetime=\"2020-11-25T12:43:57+01:00\">25 November 2020<\/time><\/a><\/small>            <\/span>\n\n\t\t\t                <hr>\n                <div class=\"entry-summary\">\n\t\t\t\t\t<p>This paper was produced in the framework of the project &#8220;Mediterranean identities \u2013 respect of multiple identities in the...<\/p>                <\/div><!-- .entry-summary -->\n\t\t\t        <\/div><!--end post-info-->\n\n    <\/article>\n<\/li>\n\t\t\t<\/ul>\n\t\t<\/div>\n\t\t<div class=\"carousel-arrow\">\n\t\t\t<a class=\"carousel-prev\" href=\"#\"><i class=\"icon-angle-left\"><\/i><\/a>\n\t\t\t<a class=\"carousel-next\" href=\"#\"><i class=\"icon-angle-right\"><\/i><\/a>\n\t\t<\/div>\n\t\t<div class=\"kleo-carousel-post-pager carousel-pager\"><\/div>\n\t<\/div><!--end carousel-container-->\n\n[\/vc_column][\/vc_row]<\/p>\n<\/div>","protected":false},"excerpt":{"rendered":"<p>[vc_row][vc_column][\/vc_column][\/vc_row]<\/p>\n","protected":false},"author":5,"featured_media":0,"parent":143,"menu_order":0,"comment_status":"closed","ping_status":"closed","template":"","meta":{"footnotes":""},"class_list":["post-2357","page","type-page","status-publish","hentry"],"_links":{"self":[{"href":"https:\/\/www.prospectivecooperation.org\/en\/wp-json\/wp\/v2\/pages\/2357","targetHints":{"allow":["GET"]}}],"collection":[{"href":"https:\/\/www.prospectivecooperation.org\/en\/wp-json\/wp\/v2\/pages"}],"about":[{"href":"https:\/\/www.prospectivecooperation.org\/en\/wp-json\/wp\/v2\/types\/page"}],"author":[{"embeddable":true,"href":"https:\/\/www.prospectivecooperation.org\/en\/wp-json\/wp\/v2\/users\/5"}],"replies":[{"embeddable":true,"href":"https:\/\/www.prospectivecooperation.org\/en\/wp-json\/wp\/v2\/comments?post=2357"}],"version-history":[{"count":3,"href":"https:\/\/www.prospectivecooperation.org\/en\/wp-json\/wp\/v2\/pages\/2357\/revisions"}],"predecessor-version":[{"id":6827,"href":"https:\/\/www.prospectivecooperation.org\/en\/wp-json\/wp\/v2\/pages\/2357\/revisions\/6827"}],"up":[{"embeddable":true,"href":"https:\/\/www.prospectivecooperation.org\/en\/wp-json\/wp\/v2\/pages\/143"}],"wp:attachment":[{"href":"https:\/\/www.prospectivecooperation.org\/en\/wp-json\/wp\/v2\/media?parent=2357"}],"curies":[{"name":"wp","href":"https:\/\/api.w.org\/{rel}","templated":true}]}}